{"id":24388,"date":"2022-11-28T16:15:33","date_gmt":"2022-11-28T15:15:33","guid":{"rendered":"https:\/\/victorlax.net\/fotografo-de-bodas\/mallorca\/"},"modified":"2023-06-06T11:36:57","modified_gmt":"2023-06-06T09:36:57","slug":"mallorca","status":"publish","type":"page","link":"https:\/\/victorlax.net\/es\/fotografo-de-bodas\/mallorca\/","title":{"rendered":"Bodas en Mallorca"},"content":{"rendered":"\t\t<div data-elementor-type=\"wp-page\" data-elementor-id=\"24388\" class=\"elementor elementor-24388 elementor-24341\">\n\t\t\t\t\t\t\t\t\t<section class=\"elementor-section elementor-top-section elementor-element elementor-element-3ad64a02 elementor-section-boxed elementor-section-height-default elementor-section-height-default\" data-id=\"3ad64a02\" data-element_type=\"section\">\n\t\t\t\t\t\t<div class=\"elementor-container elementor-column-gap-default\">\n\t\t\t\t\t<div class=\"elementor-column elementor-col-100 elementor-top-column elementor-element elementor-element-31b0337c\" data-id=\"31b0337c\" data-element_type=\"column\">\n\t\t\t<div class=\"elementor-widget-wrap elementor-element-populated\">\n\t\t\t\t\t\t\t\t<div class=\"elementor-element elementor-element-39e7fc9c elementor-widget elementor-widget-heading\" data-id=\"39e7fc9c\" data-element_type=\"widget\" data-widget_type=\"heading.default\">\n\t\t\t\t<div class=\"elementor-widget-container\">\n\t\t\t<style>\/*! elementor - v3.15.0 - 09-08-2023 *\/\n.elementor-heading-title{padding:0;margin:0;line-height:1}.elementor-widget-heading .elementor-heading-title[class*=elementor-size-]>a{color:inherit;font-size:inherit;line-height:inherit}.elementor-widget-heading .elementor-heading-title.elementor-size-small{font-size:15px}.elementor-widget-heading .elementor-heading-title.elementor-size-medium{font-size:19px}.elementor-widget-heading .elementor-heading-title.elementor-size-large{font-size:29px}.elementor-widget-heading .elementor-heading-title.elementor-size-xl{font-size:39px}.elementor-widget-heading .elementor-heading-title.elementor-size-xxl{font-size:59px}<\/style><h1 class=\"elementor-heading-title elementor-size-default\">Bodas en Mallorca<\/h1>\t\t<\/div>\n\t\t\t\t<\/div>\n\t\t\t\t\t<\/div>\n\t\t<\/div>\n\t\t\t\t\t\t\t<\/div>\n\t\t<\/section>\n\t\t\t\t<section class=\"elementor-section elementor-top-section elementor-element elementor-element-c68405b elementor-section-boxed elementor-section-height-default elementor-section-height-default\" data-id=\"c68405b\" data-element_type=\"section\">\n\t\t\t\t\t\t<div class=\"elementor-container elementor-column-gap-default\">\n\t\t\t\t\t<div class=\"elementor-column elementor-col-100 elementor-top-column elementor-element elementor-element-578c94b\" data-id=\"578c94b\" data-element_type=\"column\">\n\t\t\t<div class=\"elementor-widget-wrap elementor-element-populated\">\n\t\t\t\t\t\t\t\t<div class=\"elementor-element elementor-element-2eee83a elementor-widget elementor-widget-text-editor\" data-id=\"2eee83a\" data-element_type=\"widget\" data-widget_type=\"text-editor.default\">\n\t\t\t\t<div class=\"elementor-widget-container\">\n\t\t\t<style>\/*! elementor - v3.15.0 - 09-08-2023 *\/\n.elementor-widget-text-editor.elementor-drop-cap-view-stacked .elementor-drop-cap{background-color:#69727d;color:#fff}.elementor-widget-text-editor.elementor-drop-cap-view-framed .elementor-drop-cap{color:#69727d;border:3px solid;background-color:transparent}.elementor-widget-text-editor:not(.elementor-drop-cap-view-default) .elementor-drop-cap{margin-top:8px}.elementor-widget-text-editor:not(.elementor-drop-cap-view-default) .elementor-drop-cap-letter{width:1em;height:1em}.elementor-widget-text-editor .elementor-drop-cap{float:left;text-align:center;line-height:1;font-size:50px}.elementor-widget-text-editor .elementor-drop-cap-letter{display:inline-block}<\/style>\t\t\t\t<p><span style=\"font-weight: 400;\">Mallorca es uno de los destinos que m&aacute;s visitamos en &eacute;poca de bodas, &iexcl;pr&aacute;cticamente vivimos all&iacute;! Sin embargo, cada enlace es diferente y siempre nos llevamos algo nuevo de cada una de nuestras parejas protagonistas. Adem&aacute;s, gracias a los reportajes de boda en Mallorca, me han concedido varios premios a lo largo de mi carrera, as&iacute; que es un destino que guardo con mucho cari&ntilde;o y nunca nos cansamos de volver. <\/span><\/p>\t\t\t\t\t\t<\/div>\n\t\t\t\t<\/div>\n\t\t\t\t\t<\/div>\n\t\t<\/div>\n\t\t\t\t\t\t\t<\/div>\n\t\t<\/section>\n\t\t\t\t<section class=\"elementor-section elementor-top-section elementor-element elementor-element-3629eb55 elementor-section-boxed elementor-section-height-default elementor-section-height-default\" data-id=\"3629eb55\" data-element_type=\"section\">\n\t\t\t\t\t\t<div class=\"elementor-container elementor-column-gap-default\">\n\t\t\t\t\t<div class=\"elementor-column elementor-col-100 elementor-top-column elementor-element elementor-element-32846d0\" data-id=\"32846d0\" data-element_type=\"column\">\n\t\t\t<div class=\"elementor-widget-wrap elementor-element-populated\">\n\t\t\t\t\t\t\t\t<div class=\"elementor-element elementor-element-bf79ab8 uael-equal__height-yes uael-posts-thumbnail-ratio apartado_blog elementor-widget elementor-widget-uael-posts\" data-id=\"bf79ab8\" data-element_type=\"widget\" data-settings=\"{&quot;classic_slides_to_show&quot;:3,&quot;classic_slides_to_show_tablet&quot;:2,&quot;classic_slides_to_show_mobile&quot;:1,&quot;classic_pagination_type&quot;:&quot;ajax&quot;}\" data-widget_type=\"uael-posts.classic\">\n\t\t\t\t<div class=\"elementor-widget-container\">\n\t\t\t\t\t<div class=\"uael-post__header\">\n\t\t\t\t\t<\/div>\n\t\t<div class=\"uael-post__body\">\n\t\t\t\n\t\t\n\t\t<div class=\"uael-blog-terms-position-above_content uael-post-image-top uael-post-grid uael-posts\" data-query-type=\"custom\" data-structure=\"normal\" data-layout=\"\" data-page=\"24388\" data-skin=\"classic\" data-filter-default=\"\" data-offset-top=\"30\" >\n\n\t\t\t\t\t\t\t<div class=\"uael-post-grid__inner uael-post__columns-3 uael-post__columns-tablet-2 uael-post__columns-mobile-1\">\n\t\t\t\n<div class=\"uael-post-wrapper   bodas-en-mallorca fot\u00f3grafos-de-bodas \">\n\t<div class=\"uael-post__bg-wrap\">\n\n\t\t\t\t\n\t\t<div class=\"uael-post__inner-wrap\">\n\n\t\t\t\t<div class=\"uael-post__thumbnail\">\n\t\t\t\n\t\t\t<a href=\"https:\/\/victorlax.net\/es\/fotografos-de-bodas\/jess-cons-wedding-at-castell-de-bendinat-in-mallorca\/\" target=\"_self\" title=\"Jess &#038; Cons | Castell de Bendinat, Mallorca.\"><img decoding=\"async\" width=\"1920\" height=\"1280\" src=\"https:\/\/victorlax.net\/wp-content\/uploads\/2023\/01\/20-1.jpg\" class=\"attachment-full size-full wp-image-26845\" alt=\"\" srcset=\"https:\/\/victorlax.net\/wp-content\/uploads\/2023\/01\/20-1.jpg 1920w, https:\/\/victorlax.net\/wp-content\/uploads\/2023\/01\/20-1-526x351.jpg 526w, https:\/\/victorlax.net\/wp-content\/uploads\/2023\/01\/20-1-120x80.jpg 120w, https:\/\/victorlax.net\/wp-content\/uploads\/2023\/01\/20-1-1052x701.jpg 1052w, https:\/\/victorlax.net\/wp-content\/uploads\/2023\/01\/20-1-300x200.jpg 300w, https:\/\/victorlax.net\/wp-content\/uploads\/2023\/01\/20-1-1024x683.jpg 1024w, https:\/\/victorlax.net\/wp-content\/uploads\/2023\/01\/20-1-150x100.jpg 150w, https:\/\/victorlax.net\/wp-content\/uploads\/2023\/01\/20-1-768x512.jpg 768w, https:\/\/victorlax.net\/wp-content\/uploads\/2023\/01\/20-1-1536x1024.jpg 1536w\" sizes=\"(max-width: 1920px) 100vw, 1920px\" \/><\/a>\n\t\t\t\t\t<\/div>\n\t\t\n\t\t\t\n\t\t\t<div class=\"uael-post__content-wrap\">\n\t\t\t\t\t\t\t<div class=\"uael-post__terms-wrap\"><span class=\"uael-post__terms\"><span class=\"uael-listing__terms-link\">Bodas en Mallorca<\/span><span class=\"uael-listing__terms-link\">Fot\u00f3grafos de Bodas<\/span><\/span><\/div>\n\t\t\t\t\t\t<h2 class=\"uael-post__title\">\n\n\t\t\n\t\t\t\t\t\t<a href=\"https:\/\/victorlax.net\/es\/fotografos-de-bodas\/jess-cons-wedding-at-castell-de-bendinat-in-mallorca\/\" target=\"_self\">\n\t\t\t\tJess &#038; Cons | Castell de Bendinat, Mallorca.\t\t\t<\/a>\n\n\t\t\t\t<\/h2>\n\t\t\n\t\t<div class=\"uael-post__excerpt\">\n\t\t\t<p>La incre\u00edble boda de Jess &amp; Cons en el Castell de Bendinat de Mallorca. Es hora de ense\u00f1aros una boda super bonita que Erika y yo fotografiamos en Castell de Bendinat en Mallorca. Jess &amp; Cons, una encantadora pareja filipino-alemana eligieron Mallorca como lugar para su boda. La elecci\u00f3n de &#8230;<\/p>\n\t\t<\/div>\n\n\t\t\t\t\t<div class=\"uael-post__meta-data\">\n\t\t\t\t\t<\/div>\n\t\t\t\t\t<\/div>\n\t\t\t\n\t\t<\/div>\n\t\t\n\t<\/div>\n\n<\/div>\n\n<div class=\"uael-post-wrapper   bodas-del-mismo-sexo bodas-en-barcelona bodas-en-mallorca fot\u00f3grafos-de-bodas \">\n\t<div class=\"uael-post__bg-wrap\">\n\n\t\t\t\t\n\t\t<div class=\"uael-post__inner-wrap\">\n\n\t\t\t\t<div class=\"uael-post__thumbnail\">\n\t\t\t\n\t\t\t<a href=\"https:\/\/victorlax.net\/es\/fotografos-de-bodas\/mallorca\/fearless-photographer-year-2019\/\" target=\"_self\" title=\"Fearless Photographer del a\u00f1o 2019\"><img decoding=\"async\" width=\"1920\" height=\"1280\" src=\"https:\/\/victorlax.net\/wp-content\/uploads\/2022\/11\/00-Mallorca-wedding-photographer.jpg\" class=\"attachment-full size-full wp-image-17480\" alt=\"\" srcset=\"https:\/\/victorlax.net\/wp-content\/uploads\/2022\/11\/00-Mallorca-wedding-photographer.jpg 1920w, https:\/\/victorlax.net\/wp-content\/uploads\/2022\/11\/00-Mallorca-wedding-photographer-526x351.jpg 526w, https:\/\/victorlax.net\/wp-content\/uploads\/2022\/11\/00-Mallorca-wedding-photographer-120x80.jpg 120w, https:\/\/victorlax.net\/wp-content\/uploads\/2022\/11\/00-Mallorca-wedding-photographer-1052x701.jpg 1052w, https:\/\/victorlax.net\/wp-content\/uploads\/2022\/11\/00-Mallorca-wedding-photographer-300x200.jpg 300w, https:\/\/victorlax.net\/wp-content\/uploads\/2022\/11\/00-Mallorca-wedding-photographer-1024x683.jpg 1024w, https:\/\/victorlax.net\/wp-content\/uploads\/2022\/11\/00-Mallorca-wedding-photographer-150x100.jpg 150w, https:\/\/victorlax.net\/wp-content\/uploads\/2022\/11\/00-Mallorca-wedding-photographer-768x512.jpg 768w, https:\/\/victorlax.net\/wp-content\/uploads\/2022\/11\/00-Mallorca-wedding-photographer-1536x1024.jpg 1536w\" sizes=\"(max-width: 1920px) 100vw, 1920px\" \/><\/a>\n\t\t\t\t\t<\/div>\n\t\t\n\t\t\t\n\t\t\t<div class=\"uael-post__content-wrap\">\n\t\t\t\t\t\t\t<div class=\"uael-post__terms-wrap\"><span class=\"uael-post__terms\"><span class=\"uael-listing__terms-link\">Bodas del mismo sexo<\/span><span class=\"uael-listing__terms-link\">Bodas en Barcelona<\/span><span class=\"uael-listing__terms-link\">Bodas en Mallorca<\/span><span class=\"uael-listing__terms-link\">Fot\u00f3grafos de Bodas<\/span><\/span><\/div>\n\t\t\t\t\t\t<h2 class=\"uael-post__title\">\n\n\t\t\n\t\t\t\t\t\t<a href=\"https:\/\/victorlax.net\/es\/fotografos-de-bodas\/mallorca\/fearless-photographer-year-2019\/\" target=\"_self\">\n\t\t\t\tFearless Photographer del a\u00f1o 2019\t\t\t<\/a>\n\n\t\t\t\t<\/h2>\n\t\t\n\t\t<div class=\"uael-post__excerpt\">\n\t\t\t<p>Todav\u00eda un poco conmocionado tras ser nombrado Fearless Photographer del a\u00f1o. Este reconocimiento de Fearless ha sido la culminaci\u00f3n de un gran a\u00f1o que nunca olvidar\u00e9. Un a\u00f1o de grandes experiencias y emociones. Fearless Photographer es un directorio \u00fanico de fotograf\u00eda de bodas de los mejores fot\u00f3grafos de de bodas &#8230;<\/p>\n\t\t<\/div>\n\n\t\t\t\t\t<div class=\"uael-post__meta-data\">\n\t\t\t\t\t<\/div>\n\t\t\t\t\t<\/div>\n\t\t\t\n\t\t<\/div>\n\t\t\n\t<\/div>\n\n<\/div>\n\n<div class=\"uael-post-wrapper   bodas-en-barcelona bodas-en-la-costa-brava bodas-en-madrid bodas-en-mallorca fot\u00f3grafos-de-bodas \">\n\t<div class=\"uael-post__bg-wrap\">\n\n\t\t\t\t\n\t\t<div class=\"uael-post__inner-wrap\">\n\n\t\t\t\t<div class=\"uael-post__thumbnail\">\n\t\t\t\n\t\t\t<a href=\"https:\/\/victorlax.net\/es\/fotografos-de-bodas\/mejor-fotografo-de-bodas-en-espana-2020-premio-unionwep-2020\/\" target=\"_self\" title=\"Mejor fot\u00f3grafo de bodas en Espa\u00f1a 2020. Premio Unionwep 2020\"><img decoding=\"async\" width=\"1920\" height=\"1280\" src=\"https:\/\/victorlax.net\/wp-content\/uploads\/2022\/11\/Mejor-fotorafo-de-bodas-en-Espana-6.jpg\" class=\"attachment-full size-full wp-image-17529\" alt=\"\" srcset=\"https:\/\/victorlax.net\/wp-content\/uploads\/2022\/11\/Mejor-fotorafo-de-bodas-en-Espana-6.jpg 1920w, https:\/\/victorlax.net\/wp-content\/uploads\/2022\/11\/Mejor-fotorafo-de-bodas-en-Espana-6-526x351.jpg 526w, https:\/\/victorlax.net\/wp-content\/uploads\/2022\/11\/Mejor-fotorafo-de-bodas-en-Espana-6-120x80.jpg 120w, https:\/\/victorlax.net\/wp-content\/uploads\/2022\/11\/Mejor-fotorafo-de-bodas-en-Espana-6-1052x701.jpg 1052w, https:\/\/victorlax.net\/wp-content\/uploads\/2022\/11\/Mejor-fotorafo-de-bodas-en-Espana-6-300x200.jpg 300w, https:\/\/victorlax.net\/wp-content\/uploads\/2022\/11\/Mejor-fotorafo-de-bodas-en-Espana-6-1024x683.jpg 1024w, https:\/\/victorlax.net\/wp-content\/uploads\/2022\/11\/Mejor-fotorafo-de-bodas-en-Espana-6-150x100.jpg 150w, https:\/\/victorlax.net\/wp-content\/uploads\/2022\/11\/Mejor-fotorafo-de-bodas-en-Espana-6-768x512.jpg 768w, https:\/\/victorlax.net\/wp-content\/uploads\/2022\/11\/Mejor-fotorafo-de-bodas-en-Espana-6-1536x1024.jpg 1536w\" sizes=\"(max-width: 1920px) 100vw, 1920px\" \/><\/a>\n\t\t\t\t\t<\/div>\n\t\t\n\t\t\t\n\t\t\t<div class=\"uael-post__content-wrap\">\n\t\t\t\t\t\t\t<div class=\"uael-post__terms-wrap\"><span class=\"uael-post__terms\"><span class=\"uael-listing__terms-link\">Bodas en Barcelona<\/span><span class=\"uael-listing__terms-link\">Bodas en la Costa Brava<\/span><span class=\"uael-listing__terms-link\">Bodas en Madrid<\/span><span class=\"uael-listing__terms-link\">Bodas en Mallorca<\/span><span class=\"uael-listing__terms-link\">Fot\u00f3grafos de Bodas<\/span><\/span><\/div>\n\t\t\t\t\t\t<h2 class=\"uael-post__title\">\n\n\t\t\n\t\t\t\t\t\t<a href=\"https:\/\/victorlax.net\/es\/fotografos-de-bodas\/mejor-fotografo-de-bodas-en-espana-2020-premio-unionwep-2020\/\" target=\"_self\">\n\t\t\t\tMejor fot\u00f3grafo de bodas en Espa\u00f1a 2020. Premio Unionwep 2020\t\t\t<\/a>\n\n\t\t\t\t<\/h2>\n\t\t\n\t\t<div class=\"uael-post__excerpt\">\n\t\t\t<p>Eternamente orgulloso por haber sido nombrado el mejor fot\u00f3grafo de bodas en Espa\u00f1a en el a\u00f1o 2020 por Unionwep. Siempre me gusta decir que los premios no son solo del fot\u00f3grafo sino de las parejas que ha fotografiado. As\u00ed que nuestras parejas son las verdaderas merecedoras de convertirse el mejor &#8230;<\/p>\n\t\t<\/div>\n\n\t\t\t\t\t<div class=\"uael-post__meta-data\">\n\t\t\t\t\t<\/div>\n\t\t\t\t\t<\/div>\n\t\t\t\n\t\t<\/div>\n\t\t\n\t<\/div>\n\n<\/div>\n\n<div class=\"uael-post-wrapper   bodas-en-mallorca fot\u00f3grafos-de-bodas \">\n\t<div class=\"uael-post__bg-wrap\">\n\n\t\t\t\t\n\t\t<div class=\"uael-post__inner-wrap\">\n\n\t\t\t\t<div class=\"uael-post__thumbnail\">\n\t\t\t\n\t\t\t<a href=\"https:\/\/victorlax.net\/es\/fotografos-de-bodas\/mallorca\/gabby-y-ed-castillo-de-san-carlos\/\" target=\"_self\" title=\"Gabby &#038; Ed | Castillo de San Carlos | Boda en Mallorca\"><img decoding=\"async\" width=\"1920\" height=\"1280\" src=\"https:\/\/victorlax.net\/wp-content\/uploads\/2022\/11\/Mallorca-wedding-photographer-1-5.jpg\" class=\"attachment-full size-full wp-image-17422\" alt=\"\" srcset=\"https:\/\/victorlax.net\/wp-content\/uploads\/2022\/11\/Mallorca-wedding-photographer-1-5.jpg 1920w, https:\/\/victorlax.net\/wp-content\/uploads\/2022\/11\/Mallorca-wedding-photographer-1-5-526x351.jpg 526w, https:\/\/victorlax.net\/wp-content\/uploads\/2022\/11\/Mallorca-wedding-photographer-1-5-120x80.jpg 120w, https:\/\/victorlax.net\/wp-content\/uploads\/2022\/11\/Mallorca-wedding-photographer-1-5-1052x701.jpg 1052w, https:\/\/victorlax.net\/wp-content\/uploads\/2022\/11\/Mallorca-wedding-photographer-1-5-300x200.jpg 300w, https:\/\/victorlax.net\/wp-content\/uploads\/2022\/11\/Mallorca-wedding-photographer-1-5-1024x683.jpg 1024w, https:\/\/victorlax.net\/wp-content\/uploads\/2022\/11\/Mallorca-wedding-photographer-1-5-150x100.jpg 150w, https:\/\/victorlax.net\/wp-content\/uploads\/2022\/11\/Mallorca-wedding-photographer-1-5-768x512.jpg 768w, https:\/\/victorlax.net\/wp-content\/uploads\/2022\/11\/Mallorca-wedding-photographer-1-5-1536x1024.jpg 1536w\" sizes=\"(max-width: 1920px) 100vw, 1920px\" \/><\/a>\n\t\t\t\t\t<\/div>\n\t\t\n\t\t\t\n\t\t\t<div class=\"uael-post__content-wrap\">\n\t\t\t\t\t\t\t<div class=\"uael-post__terms-wrap\"><span class=\"uael-post__terms\"><span class=\"uael-listing__terms-link\">Bodas en Mallorca<\/span><span class=\"uael-listing__terms-link\">Fot\u00f3grafos de Bodas<\/span><\/span><\/div>\n\t\t\t\t\t\t<h2 class=\"uael-post__title\">\n\n\t\t\n\t\t\t\t\t\t<a href=\"https:\/\/victorlax.net\/es\/fotografos-de-bodas\/mallorca\/gabby-y-ed-castillo-de-san-carlos\/\" target=\"_self\">\n\t\t\t\tGabby &#038; Ed | Castillo de San Carlos | Boda en Mallorca\t\t\t<\/a>\n\n\t\t\t\t<\/h2>\n\t\t\n\t\t<div class=\"uael-post__excerpt\">\n\t\t\t<p>Es el momento de otra boda en Mallorca en el Castillo de San Carlos. La verdad es que no s\u00e9 c\u00f3mo empezar a hablar de esta incre\u00edble boda en Mallorca. Pero esta incre\u00edble historia comenz\u00f3 con mi querida Alannah, la hermana de mi novia. Ella se puso en contacto conmigo &#8230;<\/p>\n\t\t<\/div>\n\n\t\t\t\t\t<div class=\"uael-post__meta-data\">\n\t\t\t\t\t<\/div>\n\t\t\t\t\t<\/div>\n\t\t\t\n\t\t<\/div>\n\t\t\n\t<\/div>\n\n<\/div>\n\n<div class=\"uael-post-wrapper   bodas-en-mallorca fot\u00f3grafos-de-bodas \">\n\t<div class=\"uael-post__bg-wrap\">\n\n\t\t\t\t\n\t\t<div class=\"uael-post__inner-wrap\">\n\n\t\t\t\t<div class=\"uael-post__thumbnail\">\n\t\t\t\n\t\t\t<a href=\"https:\/\/victorlax.net\/es\/fotografos-de-bodas\/mallorca\/jannick-y-james-belmond-la-residencia-castell-son-claret-mallorca-wedding\/\" target=\"_self\" title=\"Yannick &#038; James | Belmond La Residencia | Castell Son Claret | Boda en Mallorca\"><img decoding=\"async\" width=\"1920\" height=\"1283\" src=\"https:\/\/victorlax.net\/wp-content\/uploads\/2022\/11\/Castell-Son-Claret-1.jpg\" class=\"attachment-full size-full wp-image-17016\" alt=\"\" srcset=\"https:\/\/victorlax.net\/wp-content\/uploads\/2022\/11\/Castell-Son-Claret-1.jpg 1920w, https:\/\/victorlax.net\/wp-content\/uploads\/2022\/11\/Castell-Son-Claret-1-526x351.jpg 526w, https:\/\/victorlax.net\/wp-content\/uploads\/2022\/11\/Castell-Son-Claret-1-120x80.jpg 120w, https:\/\/victorlax.net\/wp-content\/uploads\/2022\/11\/Castell-Son-Claret-1-1052x703.jpg 1052w, https:\/\/victorlax.net\/wp-content\/uploads\/2022\/11\/Castell-Son-Claret-1-300x200.jpg 300w, https:\/\/victorlax.net\/wp-content\/uploads\/2022\/11\/Castell-Son-Claret-1-1024x684.jpg 1024w, https:\/\/victorlax.net\/wp-content\/uploads\/2022\/11\/Castell-Son-Claret-1-150x100.jpg 150w, https:\/\/victorlax.net\/wp-content\/uploads\/2022\/11\/Castell-Son-Claret-1-768x513.jpg 768w, https:\/\/victorlax.net\/wp-content\/uploads\/2022\/11\/Castell-Son-Claret-1-1536x1026.jpg 1536w\" sizes=\"(max-width: 1920px) 100vw, 1920px\" \/><\/a>\n\t\t\t\t\t<\/div>\n\t\t\n\t\t\t\n\t\t\t<div class=\"uael-post__content-wrap\">\n\t\t\t\t\t\t\t<div class=\"uael-post__terms-wrap\"><span class=\"uael-post__terms\"><span class=\"uael-listing__terms-link\">Bodas en Mallorca<\/span><span class=\"uael-listing__terms-link\">Fot\u00f3grafos de Bodas<\/span><\/span><\/div>\n\t\t\t\t\t\t<h2 class=\"uael-post__title\">\n\n\t\t\n\t\t\t\t\t\t<a href=\"https:\/\/victorlax.net\/es\/fotografos-de-bodas\/mallorca\/jannick-y-james-belmond-la-residencia-castell-son-claret-mallorca-wedding\/\" target=\"_self\">\n\t\t\t\tYannick &#038; James | Belmond La Residencia | Castell Son Claret | Boda en Mallorca\t\t\t<\/a>\n\n\t\t\t\t<\/h2>\n\t\t\n\t\t<div class=\"uael-post__excerpt\">\n\t\t\t<p>Hay momentos en la vida que no cambiar\u00edas por nada del mundo. Fotografiar la boda de Yannick y Jame en Castell Son Claret en Mallorca fue uno de ellos. Desde luego, estoy seguro de que el esp\u00edritu balear se apoder\u00f3 de esta pareja y de todos sus invitados y los &#8230;<\/p>\n\t\t<\/div>\n\n\t\t\t\t\t<div class=\"uael-post__meta-data\">\n\t\t\t\t\t<\/div>\n\t\t\t\t\t<\/div>\n\t\t\t\n\t\t<\/div>\n\t\t\n\t<\/div>\n\n<\/div>\n\n<div class=\"uael-post-wrapper   bodas-en-mallorca fot\u00f3grafos-de-bodas \">\n\t<div class=\"uael-post__bg-wrap\">\n\n\t\t\t\t\n\t\t<div class=\"uael-post__inner-wrap\">\n\n\t\t\t\t<div class=\"uael-post__thumbnail\">\n\t\t\t\n\t\t\t<a href=\"https:\/\/victorlax.net\/es\/fotografos-de-bodas\/mallorca\/lia-y-harry-cap-rocat-mallorca-wedding\/\" target=\"_self\" title=\"Lia &#038; Harry | Cap Rocat | Mallorca wedding\"><img decoding=\"async\" width=\"800\" height=\"533\" src=\"https:\/\/victorlax.net\/wp-content\/uploads\/2022\/11\/Mallorca-wedding-01.jpg\" class=\"attachment-full size-full wp-image-16050\" alt=\"\" srcset=\"https:\/\/victorlax.net\/wp-content\/uploads\/2022\/11\/Mallorca-wedding-01.jpg 800w, https:\/\/victorlax.net\/wp-content\/uploads\/2022\/11\/Mallorca-wedding-01-526x350.jpg 526w, https:\/\/victorlax.net\/wp-content\/uploads\/2022\/11\/Mallorca-wedding-01-120x80.jpg 120w, https:\/\/victorlax.net\/wp-content\/uploads\/2022\/11\/Mallorca-wedding-01-300x200.jpg 300w, https:\/\/victorlax.net\/wp-content\/uploads\/2022\/11\/Mallorca-wedding-01-150x100.jpg 150w, https:\/\/victorlax.net\/wp-content\/uploads\/2022\/11\/Mallorca-wedding-01-768x512.jpg 768w\" sizes=\"(max-width: 800px) 100vw, 800px\" \/><\/a>\n\t\t\t\t\t<\/div>\n\t\t\n\t\t\t\n\t\t\t<div class=\"uael-post__content-wrap\">\n\t\t\t\t\t\t\t<div class=\"uael-post__terms-wrap\"><span class=\"uael-post__terms\"><span class=\"uael-listing__terms-link\">Bodas en Mallorca<\/span><span class=\"uael-listing__terms-link\">Fot\u00f3grafos de Bodas<\/span><\/span><\/div>\n\t\t\t\t\t\t<h2 class=\"uael-post__title\">\n\n\t\t\n\t\t\t\t\t\t<a href=\"https:\/\/victorlax.net\/es\/fotografos-de-bodas\/mallorca\/lia-y-harry-cap-rocat-mallorca-wedding\/\" target=\"_self\">\n\t\t\t\tLia &#038; Harry | Cap Rocat | Mallorca wedding\t\t\t<\/a>\n\n\t\t\t\t<\/h2>\n\t\t\n\t\t<div class=\"uael-post__excerpt\">\n\t\t\t<p>Mallorca is magic! We really love it!! I\u00b4d like to show you one of my latest reports. They are Lia &amp; Harry. A lovely Taiwanese-British couple who gave us one of the most intense weddings of this summer.<\/p>\n\t\t<\/div>\n\n\t\t\t\t\t<div class=\"uael-post__meta-data\">\n\t\t\t\t\t<\/div>\n\t\t\t\t\t<\/div>\n\t\t\t\n\t\t<\/div>\n\t\t\n\t<\/div>\n\n<\/div>\n\n<div class=\"uael-post-wrapper   bodas-en-mallorca fot\u00f3grafos-de-bodas \">\n\t<div class=\"uael-post__bg-wrap\">\n\n\t\t\t\t\n\t\t<div class=\"uael-post__inner-wrap\">\n\n\t\t\t\t<div class=\"uael-post__thumbnail\">\n\t\t\t\n\t\t\t<a href=\"https:\/\/victorlax.net\/es\/fotografos-de-bodas\/mallorca\/jennifer-y-sebastien-cap-rocat-mallorca-wedding\/\" target=\"_self\" title=\"Jennifer &#038; S\u00e9bastien | Cap Rocat | Mallorca wedding\"><img decoding=\"async\" width=\"800\" height=\"532\" src=\"https:\/\/victorlax.net\/wp-content\/uploads\/2022\/11\/Mallorca-wedding-photographer-1-1.jpg\" class=\"attachment-full size-full wp-image-15977\" alt=\"\" srcset=\"https:\/\/victorlax.net\/wp-content\/uploads\/2022\/11\/Mallorca-wedding-photographer-1-1.jpg 800w, https:\/\/victorlax.net\/wp-content\/uploads\/2022\/11\/Mallorca-wedding-photographer-1-1-526x350.jpg 526w, https:\/\/victorlax.net\/wp-content\/uploads\/2022\/11\/Mallorca-wedding-photographer-1-1-120x80.jpg 120w, https:\/\/victorlax.net\/wp-content\/uploads\/2022\/11\/Mallorca-wedding-photographer-1-1-300x200.jpg 300w, https:\/\/victorlax.net\/wp-content\/uploads\/2022\/11\/Mallorca-wedding-photographer-1-1-150x100.jpg 150w, https:\/\/victorlax.net\/wp-content\/uploads\/2022\/11\/Mallorca-wedding-photographer-1-1-768x511.jpg 768w\" sizes=\"(max-width: 800px) 100vw, 800px\" \/><\/a>\n\t\t\t\t\t<\/div>\n\t\t\n\t\t\t\n\t\t\t<div class=\"uael-post__content-wrap\">\n\t\t\t\t\t\t\t<div class=\"uael-post__terms-wrap\"><span class=\"uael-post__terms\"><span class=\"uael-listing__terms-link\">Bodas en Mallorca<\/span><span class=\"uael-listing__terms-link\">Fot\u00f3grafos de Bodas<\/span><\/span><\/div>\n\t\t\t\t\t\t<h2 class=\"uael-post__title\">\n\n\t\t\n\t\t\t\t\t\t<a href=\"https:\/\/victorlax.net\/es\/fotografos-de-bodas\/mallorca\/jennifer-y-sebastien-cap-rocat-mallorca-wedding\/\" target=\"_self\">\n\t\t\t\tJennifer &#038; S\u00e9bastien | Cap Rocat | Mallorca wedding\t\t\t<\/a>\n\n\t\t\t\t<\/h2>\n\t\t\n\t\t<div class=\"uael-post__excerpt\">\n\t\t\t<p>Photographing a destination wedding in Mallorca is more than a normal wedding.It\u00b4s a unique experience. The atmosphere that invades the couple and the wedding guests, surrounds you and makes you participate in each of the moments you are photographing. It\u2019s fantastic.<\/p>\n\t\t<\/div>\n\n\t\t\t\t\t<div class=\"uael-post__meta-data\">\n\t\t\t\t\t<\/div>\n\t\t\t\t\t<\/div>\n\t\t\t\n\t\t<\/div>\n\t\t\n\t<\/div>\n\n<\/div>\n\n<div class=\"uael-post-wrapper   bodas-en-mallorca fot\u00f3grafos-de-bodas \">\n\t<div class=\"uael-post__bg-wrap\">\n\n\t\t\t\t\n\t\t<div class=\"uael-post__inner-wrap\">\n\n\t\t\t\t<div class=\"uael-post__thumbnail\">\n\t\t\t\n\t\t\t<a href=\"https:\/\/victorlax.net\/es\/fotografos-de-bodas\/fearless-phototographer-year-2016\/\" target=\"_self\" title=\"Fot\u00f3grafo Fearless  2016\"><img decoding=\"async\" width=\"800\" height=\"532\" src=\"https:\/\/victorlax.net\/wp-content\/uploads\/2022\/11\/cover-post-2-3.jpg\" class=\"attachment-full size-full wp-image-15935\" alt=\"\" srcset=\"https:\/\/victorlax.net\/wp-content\/uploads\/2022\/11\/cover-post-2-3.jpg 800w, https:\/\/victorlax.net\/wp-content\/uploads\/2022\/11\/cover-post-2-3-526x350.jpg 526w, https:\/\/victorlax.net\/wp-content\/uploads\/2022\/11\/cover-post-2-3-120x80.jpg 120w, https:\/\/victorlax.net\/wp-content\/uploads\/2022\/11\/cover-post-2-3-300x200.jpg 300w, https:\/\/victorlax.net\/wp-content\/uploads\/2022\/11\/cover-post-2-3-150x100.jpg 150w, https:\/\/victorlax.net\/wp-content\/uploads\/2022\/11\/cover-post-2-3-768x511.jpg 768w\" sizes=\"(max-width: 800px) 100vw, 800px\" \/><\/a>\n\t\t\t\t\t<\/div>\n\t\t\n\t\t\t\n\t\t\t<div class=\"uael-post__content-wrap\">\n\t\t\t\t\t\t\t<div class=\"uael-post__terms-wrap\"><span class=\"uael-post__terms\"><span class=\"uael-listing__terms-link\">Bodas en Mallorca<\/span><span class=\"uael-listing__terms-link\">Fot\u00f3grafos de Bodas<\/span><\/span><\/div>\n\t\t\t\t\t\t<h2 class=\"uael-post__title\">\n\n\t\t\n\t\t\t\t\t\t<a href=\"https:\/\/victorlax.net\/es\/fotografos-de-bodas\/fearless-phototographer-year-2016\/\" target=\"_self\">\n\t\t\t\tFot\u00f3grafo Fearless  2016\t\t\t<\/a>\n\n\t\t\t\t<\/h2>\n\t\t\n\t\t<div class=\"uael-post__excerpt\">\n\t\t\t<p>!No puedo creerlo! Fearless Photographer of the Year! (\u00a1Fot\u00f3grafo intr\u00e9pido del a\u00f1o!) Es incre\u00edble. Estoy muy orgulloso de recibir un premio tan importante. Este es el resultado de un gran a\u00f1o de trabajo y de haber tenido la suerte de fotografiar a parejas impresionantes. Ellos son los verdaderos ganadores de &#8230;<\/p>\n\t\t<\/div>\n\n\t\t\t\t\t<div class=\"uael-post__meta-data\">\n\t\t\t\t\t<\/div>\n\t\t\t\t\t<\/div>\n\t\t\t\n\t\t<\/div>\n\t\t\n\t<\/div>\n\n<\/div>\n\n<div class=\"uael-post-wrapper   bodas-en-mallorca fot\u00f3grafos-de-bodas \">\n\t<div class=\"uael-post__bg-wrap\">\n\n\t\t\t\t\n\t\t<div class=\"uael-post__inner-wrap\">\n\n\t\t\t\t<div class=\"uael-post__thumbnail\">\n\t\t\t\n\t\t\t<a href=\"https:\/\/victorlax.net\/es\/fotografos-de-bodas\/mallorca\/melissa-y-douwe-son-marroig-mallorca-wedding\/\" target=\"_self\" title=\"Melissa &#038; Douwe | Son Marroig | Mallorca wedding\"><img decoding=\"async\" width=\"800\" height=\"532\" src=\"https:\/\/victorlax.net\/wp-content\/uploads\/2022\/11\/01-1-2.jpg\" class=\"attachment-full size-full wp-image-15785\" alt=\"\" srcset=\"https:\/\/victorlax.net\/wp-content\/uploads\/2022\/11\/01-1-2.jpg 800w, https:\/\/victorlax.net\/wp-content\/uploads\/2022\/11\/01-1-2-526x350.jpg 526w, https:\/\/victorlax.net\/wp-content\/uploads\/2022\/11\/01-1-2-120x80.jpg 120w, https:\/\/victorlax.net\/wp-content\/uploads\/2022\/11\/01-1-2-300x200.jpg 300w, https:\/\/victorlax.net\/wp-content\/uploads\/2022\/11\/01-1-2-150x100.jpg 150w, https:\/\/victorlax.net\/wp-content\/uploads\/2022\/11\/01-1-2-768x511.jpg 768w\" sizes=\"(max-width: 800px) 100vw, 800px\" \/><\/a>\n\t\t\t\t\t<\/div>\n\t\t\n\t\t\t\n\t\t\t<div class=\"uael-post__content-wrap\">\n\t\t\t\t\t\t\t<div class=\"uael-post__terms-wrap\"><span class=\"uael-post__terms\"><span class=\"uael-listing__terms-link\">Bodas en Mallorca<\/span><span class=\"uael-listing__terms-link\">Fot\u00f3grafos de Bodas<\/span><\/span><\/div>\n\t\t\t\t\t\t<h2 class=\"uael-post__title\">\n\n\t\t\n\t\t\t\t\t\t<a href=\"https:\/\/victorlax.net\/es\/fotografos-de-bodas\/mallorca\/melissa-y-douwe-son-marroig-mallorca-wedding\/\" target=\"_self\">\n\t\t\t\tMelissa &#038; Douwe | Son Marroig | Mallorca wedding\t\t\t<\/a>\n\n\t\t\t\t<\/h2>\n\t\t\n\t\t<div class=\"uael-post__excerpt\">\n\t\t\t<p>Photographing a destination wedding in Mallorca is a real experience. I can assure you that the work becomes a pleasure and the atmosphere that invades the couple and the wedding guests, surrounds you and makes you participate in each of the moments you are photographing. It&#8217;s unique.<\/p>\n\t\t<\/div>\n\n\t\t\t\t\t<div class=\"uael-post__meta-data\">\n\t\t\t\t\t<\/div>\n\t\t\t\t\t<\/div>\n\t\t\t\n\t\t<\/div>\n\t\t\n\t<\/div>\n\n<\/div>\n\t\t\t\t<\/div>\n\t\t\t\t\t\t\n\t\t<\/div>\n\n\t\t\t\t\t\t<\/div>\n\t\t<div class=\"uael-post__footer\">\n\t\t\t\t\t\t<nav class=\"uael-grid-pagination\"  role=\"navigation\" aria-label=\"Pagination\" data-total=\"2\" data-next-page=\"2\">\n\t\t\t\t<span aria-current=\"page\" class=\"page-numbers current\">1<\/span>\n<a class=\"page-numbers\" href=\"https:\/\/victorlax.net\/es\/wp-json\/wp\/v2\/pages\/24388\/page\/2\/\">2<\/a>\n<a class=\"next page-numbers\" href=\"https:\/\/victorlax.net\/es\/wp-json\/wp\/v2\/pages\/24388\/page\/2\/\">Siguiente &raquo;<\/a>\t\t\t<\/nav>\n\t\t\t\t\t<\/div>\n\t\t\t\t<\/div>\n\t\t\t\t<\/div>\n\t\t\t\t\t<\/div>\n\t\t<\/div>\n\t\t\t\t\t\t\t<\/div>\n\t\t<\/section>\n\t\t\t\t<section class=\"elementor-section elementor-top-section elementor-element elementor-element-2e329dc elementor-section-boxed elementor-section-height-default elementor-section-height-default\" data-id=\"2e329dc\" data-element_type=\"section\">\n\t\t\t\t\t\t<div class=\"elementor-container elementor-column-gap-default\">\n\t\t\t\t\t<div class=\"elementor-column elementor-col-100 elementor-top-column elementor-element elementor-element-7ec1650\" data-id=\"7ec1650\" data-element_type=\"column\">\n\t\t\t<div class=\"elementor-widget-wrap elementor-element-populated\">\n\t\t\t\t\t\t\t\t<div class=\"elementor-element elementor-element-77224bc elementor-widget elementor-widget-text-editor\" data-id=\"77224bc\" data-element_type=\"widget\" data-widget_type=\"text-editor.default\">\n\t\t\t\t<div class=\"elementor-widget-container\">\n\t\t\t\t\t\t\t<h2><span style=\"font-weight: 400;\">Reportajes de bodas en Mallorca<\/span><\/h2><p><span style=\"font-weight: 400;\">Est\u00e1 claro que el<\/span><strong> aire Balear<\/strong><span style=\"font-weight: 400;\"> atrae a muchos turistas de todo el mundo, pero tambi\u00e9n a much\u00edsimos enamorados que hemos tenido el placer de fotografiar. La isla cada vez crea m\u00e1s y m\u00e1s <\/span><strong>recuerdos inolvidables<\/strong><span style=\"font-weight: 400;\"> que nosotros nos encargamos de capturar, y es que sabemos que ser fot\u00f3grafo de boda en Mallorca no es simplemente eso. Nos encargamos de conseguir que toda la energ\u00eda y la felicidad de ese d\u00eda tan \u00fanico y especial quede plasmada en un recuerdo imborrable.<\/span><\/p><p><span style=\"font-weight: 400;\">Las bodas a las que hemos asistido en Palma de Mallorca han sido algunas de las m\u00e1s <\/span><strong>intensas <\/strong><span style=\"font-weight: 400;\">y que recordamos con m\u00e1s ilusi\u00f3n; hemos conocido a parejas de todo el mundo que vienen a este rinc\u00f3n de Espa\u00f1a a expresar su amor en sitios tan incre\u00edbles como <\/span><strong>Castell de Bedinat.<\/strong><span style=\"font-weight: 400;\"> Jess y Cons se encargaron de hacer que su d\u00eda especial fuera especial para todos sus invitados, incluidos nosotros.<\/span><\/p><p><span style=\"font-weight: 400;\">Otra boda maravillosa en Mallorca fue la de Gabby y Ed, que nos hicieron sentir parte de un cuento de hadas, no solo por el amor que se profesaban, sino por todos los elementos que les rodeaban. Desde el <\/span><strong>Castillo de San Carlos<\/strong><span style=\"font-weight: 400;\">, donde se casaron, hasta el vestido de Gabby, que le hac\u00eda parecer una princesa.\u00a0<\/span><\/p><p><span style=\"font-weight: 400;\">Una de las fincas que m\u00e1s visitamos es la de <\/span><a href=\"https:\/\/victorlax.net\/es\/fotografos-de-bodas\/mallorca\/jannick-y-james-belmond-la-residencia-castell-son-claret-mallorca-wedding\/\" target=\"_blank\" rel=\"noopener\"><strong>Castell Son Claret<\/strong><\/a><span style=\"font-weight: 400;\"> donde se casaron Yannick y James, combinando la experiencia en el hotel <\/span><strong>Belmond La Residencia,<\/strong><span style=\"font-weight: 400;\"> dos lugares maravillosos.<\/span> <a href=\"https:\/\/victorlax.net\/es\/fotografos-de-bodas\/mallorca\/jennifer-y-sebastien-cap-rocat-mallorca-wedding\/\" target=\"_blank\" rel=\"noopener\"><strong>Cap Rocat<\/strong> <\/a><span style=\"font-weight: 400;\">es otra de las fincas que m\u00e1s frecuentamos y no nos cansamos de visitarla, un lugar con encanto propio y con iluminaci\u00f3n perfecta para conseguir una sesi\u00f3n de ensue\u00f1o. <\/span><\/p>\t\t\t\t\t\t<\/div>\n\t\t\t\t<\/div>\n\t\t\t\t\t<\/div>\n\t\t<\/div>\n\t\t\t\t\t\t\t<\/div>\n\t\t<\/section>\n\t\t\t\t<section class=\"elementor-section elementor-top-section elementor-element elementor-element-93926a8 elementor-section-full_width elementor-section-height-default elementor-section-height-default\" data-id=\"93926a8\" data-element_type=\"section\">\n\t\t\t\t\t\t<div class=\"elementor-container elementor-column-gap-default\">\n\t\t\t\t\t<div class=\"elementor-column elementor-col-100 elementor-top-column elementor-element elementor-element-302a7f4\" data-id=\"302a7f4\" data-element_type=\"column\">\n\t\t\t<div class=\"elementor-widget-wrap elementor-element-populated\">\n\t\t\t\t\t\t\t\t<div class=\"elementor-element elementor-element-35815f2 elementor-widget elementor-widget-shortcode\" data-id=\"35815f2\" data-element_type=\"widget\" data-widget_type=\"shortcode.default\">\n\t\t\t\t<div class=\"elementor-widget-container\">\n\t\t\t\t\t<div class=\"elementor-shortcode\">\t\t<div data-elementor-type=\"section\" data-elementor-id=\"27287\" class=\"elementor elementor-27287 elementor-27284\">\n\t\t\t\t\t\t\t\t<section class=\"elementor-section elementor-top-section elementor-element elementor-element-58d1bd43 elementor-section-full_width elementor-section-height-min-height elementor-section-items-stretch elementor-section-content-space-between elementor-section-height-default\" data-id=\"58d1bd43\" data-element_type=\"section\" data-settings=\"{&quot;background_background&quot;:&quot;classic&quot;}\">\n\t\t\t\t\t\t<div class=\"elementor-container elementor-column-gap-default\">\n\t\t\t\t\t<div class=\"elementor-column elementor-col-100 elementor-top-column elementor-element elementor-element-1e32e265\" data-id=\"1e32e265\" data-element_type=\"column\">\n\t\t\t<div class=\"elementor-widget-wrap elementor-element-populated\">\n\t\t\t\t\t\t\t\t<div class=\"elementor-element elementor-element-2ea7b57f elementor-widget elementor-widget-heading\" data-id=\"2ea7b57f\" data-element_type=\"widget\" data-widget_type=\"heading.default\">\n\t\t\t\t<div class=\"elementor-widget-container\">\n\t\t\t<h3 class=\"elementor-heading-title elementor-size-default\">Elige donde te quieres casar y ahi estaremos<\/h3>\t\t<\/div>\n\t\t\t\t<\/div>\n\t\t\t\t<div class=\"elementor-element elementor-element-5c43c3ed elementor-align-center elementor-widget elementor-widget-button\" data-id=\"5c43c3ed\" data-element_type=\"widget\" data-widget_type=\"button.default\">\n\t\t\t\t<div class=\"elementor-widget-container\">\n\t\t\t\t\t<div class=\"elementor-button-wrapper\">\n\t\t\t<a class=\"elementor-button elementor-button-link elementor-size-md\" href=\"https:\/\/victorlax.net\/es\/contactar\/\">\n\t\t\t\t\t\t<span class=\"elementor-button-content-wrapper\">\n\t\t\t\t\t\t<span class=\"elementor-button-text\">Contactar<\/span>\n\t\t<\/span>\n\t\t\t\t\t<\/a>\n\t\t<\/div>\n\t\t\t\t<\/div>\n\t\t\t\t<\/div>\n\t\t\t\t\t<\/div>\n\t\t<\/div>\n\t\t\t\t\t\t\t<\/div>\n\t\t<\/section>\n\t\t\t\t\t\t<\/div>\n\t\t<\/div>\n\t\t\t\t<\/div>\n\t\t\t\t<\/div>\n\t\t\t\t\t<\/div>\n\t\t<\/div>\n\t\t\t\t\t\t\t<\/div>\n\t\t<\/section>\n\t\t\t\t<section class=\"elementor-section elementor-top-section elementor-element elementor-element-824e9cc elementor-section-boxed elementor-section-height-default elementor-section-height-default\" data-id=\"824e9cc\" data-element_type=\"section\">\n\t\t\t\t\t\t<div class=\"elementor-container elementor-column-gap-default\">\n\t\t\t\t\t<div class=\"elementor-column elementor-col-100 elementor-top-column elementor-element elementor-element-1368228\" data-id=\"1368228\" data-element_type=\"column\">\n\t\t\t<div class=\"elementor-widget-wrap elementor-element-populated\">\n\t\t\t\t\t\t\t\t<div class=\"elementor-element elementor-element-70f2cc7 elementor-widget elementor-widget-text-editor\" data-id=\"70f2cc7\" data-element_type=\"widget\" data-widget_type=\"text-editor.default\">\n\t\t\t\t<div class=\"elementor-widget-container\">\n\t\t\t\t\t\t\t<h2><span style=\"font-weight: 400;\">Fotograf\u00eda de bodas en Mallorca<\/span><\/h2>\n<span style=\"font-weight: 400;\">No nos cansamos de visitar Mallorca, es uno de nuestros destinos m\u00e1s elegidos y aun as\u00ed nos faltan muchos destinos por visitar, como la finca <\/span><strong>La Fortaleza<\/strong><span style=\"font-weight: 400;\">, donde sabemos que conseguir\u00edamos fotografiar instantes preciosos.\u00a0<\/span>\n\n<span style=\"font-weight: 400;\">Encargarnos de la fotograf\u00eda de bodas en Mallorca nos llena de <\/span><strong>orgullo<\/strong><span style=\"font-weight: 400;\">, sobre todo cuando conocemos a parejas tan maravillosas de casi cualquier parte del mundo, comprobando una vez m\u00e1s que el amor no tiene fronteras.<\/span>\n\n<span style=\"font-weight: 400;\">Es por eso tambi\u00e9n, que no podr\u00eda estar m\u00e1s agradecido de haber recibido el premio de<\/span><strong> Fearless Photographer<\/strong><span style=\"font-weight: 400;\"> (fot\u00f3grafo intr\u00e9pido del a\u00f1o) 4 a\u00f1os seguidos (2016-2019). Esto no ser\u00eda posible sin nuestras parejas protagonistas que consiguen transmitir toda la magia que llevan dentro para que nosotros podamos capturarla. \u00a1Eternamente agradecido!<\/span>\n\n<span style=\"font-weight: 400;\">No dudes en dar el paso y di el \u201cs\u00ed, quiero\u201d <\/span><a href=\"https:\/\/victorlax.net\/es\/contactar\/\" target=\"_blank\" rel=\"noopener\"><span style=\"font-weight: 400;\">con nosotros<\/span><\/a><span style=\"font-weight: 400;\">.<\/span>\t\t\t\t\t\t<\/div>\n\t\t\t\t<\/div>\n\t\t\t\t\t<\/div>\n\t\t<\/div>\n\t\t\t\t\t\t\t<\/div>\n\t\t<\/section>\n\t\t\t\t<section class=\"elementor-section elementor-top-section elementor-element elementor-element-742d6fc elementor-section-boxed elementor-section-height-default elementor-section-height-default\" data-id=\"742d6fc\" data-element_type=\"section\">\n\t\t\t\t\t\t<div class=\"elementor-container elementor-column-gap-default\">\n\t\t\t\t\t<div class=\"elementor-column elementor-col-100 elementor-top-column elementor-element elementor-element-cb1a8d0\" data-id=\"cb1a8d0\" data-element_type=\"column\">\n\t\t\t<div class=\"elementor-widget-wrap elementor-element-populated\">\n\t\t\t\t\t\t\t\t<div class=\"elementor-element elementor-element-f7837c5 elementor-widget elementor-widget-html\" data-id=\"f7837c5\" data-element_type=\"widget\" data-widget_type=\"html.default\">\n\t\t\t\t<div class=\"elementor-widget-container\">\n\t\t\t<script type=\"application\/ld+json\">{\"@context\":\"https:\/\/schema.org\",\"@type\":\"FAQPage\",\"mainEntity\":[{\"@type\":\"Question\",\"name\":\"\u00bfD\u00f3nde contratar un fot\u00f3grafo de bodas en Mallorca?\",\"acceptedAnswer\":{\"@type\":\"Answer\",\"text\":\"Mallorca es uno de los destinos que m\u00e1s visitamos en \u00e9poca de bodas, \u00a1pr\u00e1cticamente vivimos all\u00ed! Sin embargo, cada enlace es diferente y siempre nos llevamos algo nuevo de cada una de nuestras parejas protagonistas. Adem\u00e1s, gracias a los reportajes de boda en Mallorca, me han concedido varios premios a lo largo de mi carrera, as\u00ed que es un destino que guardo con mucho cari\u00f1o y nunca nos cansamos de volver.\"}},{\"@type\":\"Question\",\"name\":\"\u00bfCu\u00e1l es el mejor fot\u00f3grafo de bodas en Mallorca?\",\"acceptedAnswer\":{\"@type\":\"Answer\",\"text\":\"Encargarnos de la fotograf\u00eda de bodas en Mallorca nos llena de orgullo, sobre todo cuando conocemos a parejas tan maravillosas de casi cualquier parte del mundo, comprobando una vez m\u00e1s que el amor no tiene fronteras.\\n\\nEs por eso tambi\u00e9n, que no podr\u00eda estar m\u00e1s agradecido de haber recibido el premio de Fearless Photographer (fot\u00f3grafo intr\u00e9pido del a\u00f1o) 4 a\u00f1os seguidos (2016-2019). Esto no ser\u00eda posible sin nuestras parejas protagonistas que consiguen transmitir toda la magia que llevan dentro para que nosotros podamos capturarla. \u00a1Eternamente agradecido!\"}}]}<\/script>\t\t<\/div>\n\t\t\t\t<\/div>\n\t\t\t\t\t<\/div>\n\t\t<\/div>\n\t\t\t\t\t\t\t<\/div>\n\t\t<\/section>\n\t\t\t\t<section class=\"elementor-section elementor-top-section elementor-element elementor-element-ec63bf6 elementor-section-boxed elementor-section-height-default elementor-section-height-default\" data-id=\"ec63bf6\" data-element_type=\"section\">\n\t\t\t\t\t\t<div class=\"elementor-container elementor-column-gap-default\">\n\t\t\t\t\t<div class=\"elementor-column elementor-col-100 elementor-top-column elementor-element elementor-element-f102469\" data-id=\"f102469\" data-element_type=\"column\">\n\t\t\t<div class=\"elementor-widget-wrap elementor-element-populated\">\n\t\t\t\t\t\t\t\t<div class=\"elementor-element elementor-element-f68ee7d elementor-widget elementor-widget-shortcode\" data-id=\"f68ee7d\" data-element_type=\"widget\" data-widget_type=\"shortcode.default\">\n\t\t\t\t<div class=\"elementor-widget-container\">\n\t\t\t\t\t<div class=\"elementor-shortcode\">\t\t<div data-elementor-type=\"section\" data-elementor-id=\"28007\" class=\"elementor elementor-28007\">\n\t\t\t\t\t\t\t\t<section class=\"elementor-section elementor-top-section elementor-element elementor-element-24da6930 elementor-section-boxed elementor-section-height-default elementor-section-height-default\" data-id=\"24da6930\" data-element_type=\"section\">\n\t\t\t\t\t\t<div class=\"elementor-container elementor-column-gap-default\">\n\t\t\t\t\t<div class=\"elementor-column elementor-col-100 elementor-top-column elementor-element elementor-element-173374dc\" data-id=\"173374dc\" data-element_type=\"column\">\n\t\t\t<div class=\"elementor-widget-wrap elementor-element-populated\">\n\t\t\t\t\t\t\t\t<div class=\"elementor-element elementor-element-626c622d elementor-widget elementor-widget-heading\" data-id=\"626c622d\" data-element_type=\"widget\" data-widget_type=\"heading.default\">\n\t\t\t\t<div class=\"elementor-widget-container\">\n\t\t\t<h3 class=\"elementor-heading-title elementor-size-default\">Como se ve el amor en todo el mundo<\/h3>\t\t<\/div>\n\t\t\t\t<\/div>\n\t\t\t\t<div class=\"elementor-element elementor-element-5d8ba3f1 elementor-widget elementor-widget-text-editor\" data-id=\"5d8ba3f1\" data-element_type=\"widget\" data-widget_type=\"text-editor.default\">\n\t\t\t\t<div class=\"elementor-widget-container\">\n\t\t\t\t\t\t\t<p>Nuestras \u00faltimas bodas<\/p>\t\t\t\t\t\t<\/div>\n\t\t\t\t<\/div>\n\t\t\t\t\t<\/div>\n\t\t<\/div>\n\t\t\t\t\t\t\t<\/div>\n\t\t<\/section>\n\t\t\t\t\t\t<\/div>\n\t\t<\/div>\n\t\t\t\t<\/div>\n\t\t\t\t<\/div>\n\t\t\t\t\t<\/div>\n\t\t<\/div>\n\t\t\t\t\t\t\t<\/div>\n\t\t<\/section>\n\t\t\t\t<section class=\"elementor-section elementor-top-section elementor-element elementor-element-3b7a5c0 elementor-section-full_width elementor-section-height-default elementor-section-height-default\" data-id=\"3b7a5c0\" data-element_type=\"section\">\n\t\t\t\t\t\t<div class=\"elementor-container elementor-column-gap-default\">\n\t\t\t\t\t<div class=\"elementor-column elementor-col-100 elementor-top-column elementor-element elementor-element-91ecc8c\" data-id=\"91ecc8c\" data-element_type=\"column\">\n\t\t\t<div class=\"elementor-widget-wrap elementor-element-populated\">\n\t\t\t\t\t\t\t\t<div class=\"elementor-element elementor-element-22e1b91 elementor-widget elementor-widget-shortcode\" data-id=\"22e1b91\" data-element_type=\"widget\" data-widget_type=\"shortcode.default\">\n\t\t\t\t<div class=\"elementor-widget-container\">\n\t\t\t\t\t<div class=\"elementor-shortcode\">\t\t<div data-elementor-type=\"section\" data-elementor-id=\"28010\" class=\"elementor elementor-28010\">\n\t\t\t\t\t\t\t\t<section class=\"elementor-section elementor-top-section elementor-element elementor-element-17c023be elementor-section-full_width section_carousel-home elementor-section-height-default elementor-section-height-default\" data-id=\"17c023be\" data-element_type=\"section\">\n\t\t\t\t\t\t<div class=\"elementor-container elementor-column-gap-no\">\n\t\t\t\t\t<div class=\"elementor-column elementor-col-100 elementor-top-column elementor-element elementor-element-1b3b59d6\" data-id=\"1b3b59d6\" data-element_type=\"column\">\n\t\t\t<div class=\"elementor-widget-wrap elementor-element-populated\">\n\t\t\t\t\t\t\t\t<div class=\"elementor-element elementor-element-1cd06b60 elementor-arrows-position-outside elementor-pagination-position-outside elementor-widget elementor-widget-image-carousel\" data-id=\"1cd06b60\" data-element_type=\"widget\" data-settings=\"{&quot;lazyload&quot;:&quot;yes&quot;,&quot;slides_to_show&quot;:&quot;4&quot;,&quot;slides_to_scroll&quot;:&quot;1&quot;,&quot;navigation&quot;:&quot;both&quot;,&quot;autoplay&quot;:&quot;yes&quot;,&quot;pause_on_hover&quot;:&quot;yes&quot;,&quot;pause_on_interaction&quot;:&quot;yes&quot;,&quot;autoplay_speed&quot;:5000,&quot;infinite&quot;:&quot;yes&quot;,&quot;speed&quot;:500,&quot;image_spacing_custom&quot;:{&quot;unit&quot;:&quot;px&quot;,&quot;size&quot;:20,&quot;sizes&quot;:[]},&quot;image_spacing_custom_tablet&quot;:{&quot;unit&quot;:&quot;px&quot;,&quot;size&quot;:&quot;&quot;,&quot;sizes&quot;:[]},&quot;image_spacing_custom_mobile&quot;:{&quot;unit&quot;:&quot;px&quot;,&quot;size&quot;:&quot;&quot;,&quot;sizes&quot;:[]}}\" data-widget_type=\"image-carousel.default\">\n\t\t\t\t<div class=\"elementor-widget-container\">\n\t\t\t<style>\/*! elementor - v3.15.0 - 09-08-2023 *\/\n.elementor-widget-image-carousel .swiper,.elementor-widget-image-carousel .swiper-container{position:static}.elementor-widget-image-carousel .swiper-container .swiper-slide figure,.elementor-widget-image-carousel .swiper .swiper-slide figure{line-height:inherit}.elementor-widget-image-carousel .swiper-slide{text-align:center}.elementor-image-carousel-wrapper:not(.swiper-container-initialized):not(.swiper-initialized) .swiper-slide{max-width:calc(100% \/ var(--e-image-carousel-slides-to-show, 3))}<\/style>\t\t<div class=\"elementor-image-carousel-wrapper swiper-container\" dir=\"ltr\">\n\t\t\t<div class=\"elementor-image-carousel swiper-wrapper\" aria-live=\"off\">\n\t\t\t\t\t\t\t\t<div class=\"swiper-slide\" role=\"group\" aria-roledescription=\"slide\" aria-label=\"1 of 10\"><a title=\"MALLORCA\" href=\"https:\/\/victorlax.net\/es\/fotografo-de-bodas\/mallorca\/\" ><figure class=\"swiper-slide-inner\"><img class=\"swiper-slide-image swiper-lazy\" data-src=\"https:\/\/victorlax.net\/wp-content\/uploads\/2023\/01\/inicio_mallorca.jpg\" alt=\"MALLORCA\" \/><div class=\"swiper-lazy-preloader\"><\/div><figcaption class=\"elementor-image-carousel-caption\">MALLORCA<\/figcaption><\/figure><\/a><\/div><div class=\"swiper-slide\" role=\"group\" aria-roledescription=\"slide\" aria-label=\"2 of 10\"><a title=\"INDIA\" href=\"https:\/\/victorlax.net\/es\/fotografo-de-bodas\/india\/\" ><figure class=\"swiper-slide-inner\"><img class=\"swiper-slide-image swiper-lazy\" data-src=\"https:\/\/victorlax.net\/wp-content\/uploads\/2023\/02\/inicio_india.jpg\" alt=\"INDIA\" \/><div class=\"swiper-lazy-preloader\"><\/div><figcaption class=\"elementor-image-carousel-caption\">INDIA<\/figcaption><\/figure><\/a><\/div><div class=\"swiper-slide\" role=\"group\" aria-roledescription=\"slide\" aria-label=\"3 of 10\"><a title=\"SUR DE FRANCIA\" href=\"https:\/\/victorlax.net\/es\/fotografo-de-bodas\/sur-francia\/\" ><figure class=\"swiper-slide-inner\"><img class=\"swiper-slide-image swiper-lazy\" data-src=\"https:\/\/victorlax.net\/wp-content\/uploads\/2023\/01\/inicio_south-france.jpg\" alt=\"SUR DE FRANCIA\" \/><div class=\"swiper-lazy-preloader\"><\/div><figcaption class=\"elementor-image-carousel-caption\">SUR DE FRANCIA<\/figcaption><\/figure><\/a><\/div><div class=\"swiper-slide\" role=\"group\" aria-roledescription=\"slide\" aria-label=\"4 of 10\"><a title=\"BARCELONA\" href=\"https:\/\/victorlax.net\/es\/fotografo-de-bodas\/barcelona\/\" ><figure class=\"swiper-slide-inner\"><img class=\"swiper-slide-image swiper-lazy\" data-src=\"https:\/\/victorlax.net\/wp-content\/uploads\/2023\/01\/inicio_barcelona.jpg\" alt=\"BARCELONA\" \/><div class=\"swiper-lazy-preloader\"><\/div><figcaption class=\"elementor-image-carousel-caption\">BARCELONA<\/figcaption><\/figure><\/a><\/div><div class=\"swiper-slide\" role=\"group\" aria-roledescription=\"slide\" aria-label=\"5 of 10\"><a title=\"TOSCANA\" href=\"https:\/\/victorlax.net\/es\/fotografo-de-bodas\/toscana\/\" ><figure class=\"swiper-slide-inner\"><img class=\"swiper-slide-image swiper-lazy\" data-src=\"https:\/\/victorlax.net\/wp-content\/uploads\/2023\/01\/inicio_tuscany.jpg\" alt=\"TOSCANA\" \/><div class=\"swiper-lazy-preloader\"><\/div><figcaption class=\"elementor-image-carousel-caption\">TOSCANA<\/figcaption><\/figure><\/a><\/div><div class=\"swiper-slide\" role=\"group\" aria-roledescription=\"slide\" aria-label=\"6 of 10\"><a title=\"IBIZA\" href=\"https:\/\/victorlax.net\/es\/fotografo-de-bodas\/ibiza\/\" ><figure class=\"swiper-slide-inner\"><img class=\"swiper-slide-image swiper-lazy\" data-src=\"https:\/\/victorlax.net\/wp-content\/uploads\/2023\/01\/inicio_ibiza.jpg\" alt=\"IBIZA\" \/><div class=\"swiper-lazy-preloader\"><\/div><figcaption class=\"elementor-image-carousel-caption\">IBIZA<\/figcaption><\/figure><\/a><\/div><div class=\"swiper-slide\" role=\"group\" aria-roledescription=\"slide\" aria-label=\"7 of 10\"><a title=\"COSTA BRAVA\" href=\"https:\/\/victorlax.net\/es\/fotografo-de-bodas\/costa-brava\/\" ><figure class=\"swiper-slide-inner\"><img class=\"swiper-slide-image swiper-lazy\" data-src=\"https:\/\/victorlax.net\/wp-content\/uploads\/2023\/01\/inicio_costa-brava.jpg\" alt=\"COSTA BRAVA\" \/><div class=\"swiper-lazy-preloader\"><\/div><figcaption class=\"elementor-image-carousel-caption\">COSTA BRAVA<\/figcaption><\/figure><\/a><\/div><div class=\"swiper-slide\" role=\"group\" aria-roledescription=\"slide\" aria-label=\"8 of 10\"><a title=\"PUGLIA\" href=\"https:\/\/victorlax.net\/es\/fotografo-de-bodas\/puglia\/\" ><figure class=\"swiper-slide-inner\"><img class=\"swiper-slide-image swiper-lazy\" data-src=\"https:\/\/victorlax.net\/wp-content\/uploads\/2023\/01\/inicio_puglia.jpg\" alt=\"PUGLIA\" \/><div class=\"swiper-lazy-preloader\"><\/div><figcaption class=\"elementor-image-carousel-caption\">PUGLIA<\/figcaption><\/figure><\/a><\/div><div class=\"swiper-slide\" role=\"group\" aria-roledescription=\"slide\" aria-label=\"9 of 10\"><a title=\"MARBELLA\" href=\"https:\/\/victorlax.net\/es\/fotografo-de-bodas\/marbella\/\" ><figure class=\"swiper-slide-inner\"><img class=\"swiper-slide-image swiper-lazy\" data-src=\"https:\/\/victorlax.net\/wp-content\/uploads\/2023\/01\/inicio_marbella.jpg\" alt=\"MARBELLA\" \/><div class=\"swiper-lazy-preloader\"><\/div><figcaption class=\"elementor-image-carousel-caption\">MARBELLA<\/figcaption><\/figure><\/a><\/div><div class=\"swiper-slide\" role=\"group\" aria-roledescription=\"slide\" aria-label=\"10 of 10\"><a title=\"MISMO SEXO\" href=\"https:\/\/victorlax.net\/es\/fotografo-de-bodas\/gay\/\" ><figure class=\"swiper-slide-inner\"><img class=\"swiper-slide-image swiper-lazy\" data-src=\"https:\/\/victorlax.net\/wp-content\/uploads\/2023\/01\/inicio_same-sex.jpg\" alt=\"MISMO SEXO\" \/><div class=\"swiper-lazy-preloader\"><\/div><figcaption class=\"elementor-image-carousel-caption\">MISMO SEXO<\/figcaption><\/figure><\/a><\/div>\t\t\t<\/div>\n\t\t\t\t\t\t\t\t\t\t\t\t<div class=\"elementor-swiper-button elementor-swiper-button-prev\" role=\"button\" tabindex=\"0\">\n\t\t\t\t\t\t<i aria-hidden=\"true\" class=\"eicon-chevron-left\"><\/i>\t\t\t\t\t<\/div>\n\t\t\t\t\t<div class=\"elementor-swiper-button elementor-swiper-button-next\" role=\"button\" tabindex=\"0\">\n\t\t\t\t\t\t<i aria-hidden=\"true\" class=\"eicon-chevron-right\"><\/i>\t\t\t\t\t<\/div>\n\t\t\t\t\n\t\t\t\t\t\t\t\t\t<div class=\"swiper-pagination\"><\/div>\n\t\t\t\t\t\t\t\t\t<\/div>\n\t\t\t\t<\/div>\n\t\t\t\t<\/div>\n\t\t\t\t\t<\/div>\n\t\t<\/div>\n\t\t\t\t\t\t\t<\/div>\n\t\t<\/section>\n\t\t\t\t\t\t<\/div>\n\t\t<\/div>\n\t\t\t\t<\/div>\n\t\t\t\t<\/div>\n\t\t\t\t\t<\/div>\n\t\t<\/div>\n\t\t\t\t\t\t\t<\/div>\n\t\t<\/section>\n\t\t\t\t\t\t\t<\/div>\n\t\t","protected":false},"excerpt":{"rendered":"<p>Bodas en Mallorca Mallorca es uno de los destinos que m&aacute;s visitamos en &eacute;poca de bodas, &iexcl;pr&aacute;cticamente vivimos all&iacute;! Sin embargo, cada enlace es diferente y siempre nos llevamos algo nuevo de cada una de nuestras parejas protagonistas. Adem&aacute;s, gracias a los reportajes de boda en Mallorca, me han concedido varios premios a lo largo [&hellip;]<\/p>\n","protected":false},"author":1,"featured_media":0,"parent":24379,"menu_order":0,"comment_status":"closed","ping_status":"closed","template":"elementor-template.php","meta":{"inline_featured_image":false,"footnotes":"","_links_to":"","_links_to_target":""},"acf":[],"yoast_head":"<!-- This site is optimized with the Yoast SEO plugin v19.10 - https:\/\/yoast.com\/wordpress\/plugins\/seo\/ -->\n<title>Fot\u00f3grafo de bodas en Mallorca. Reportajes profesionales<\/title>\n<meta name=\"description\" content=\"Reportajes fotogr\u00e1ficos de boda en Mallorca en un entorno de ensue\u00f1o. Contrata el mejor fot\u00f3grafo de bodas en Mallorca y consigue fotos que son arte\" \/>\n<meta name=\"robots\" content=\"index, follow, max-snippet:-1, max-image-preview:large, max-video-preview:-1\" \/>\n<link rel=\"canonical\" href=\"https:\/\/victorlax.net\/es\/fotografo-de-bodas\/mallorca\/\" \/>\n<meta property=\"og:locale\" content=\"es_ES\" \/>\n<meta property=\"og:type\" content=\"article\" \/>\n<meta property=\"og:title\" content=\"Fot\u00f3grafo de bodas en Mallorca. Reportajes profesionales\" \/>\n<meta property=\"og:description\" content=\"Reportajes fotogr\u00e1ficos de boda en Mallorca en un entorno de ensue\u00f1o. Contrata el mejor fot\u00f3grafo de bodas en Mallorca y consigue fotos que son arte\" \/>\n<meta property=\"og:url\" content=\"https:\/\/victorlax.net\/es\/fotografo-de-bodas\/mallorca\/\" \/>\n<meta property=\"og:site_name\" content=\"VictorLax\" \/>\n<meta property=\"article:modified_time\" content=\"2023-06-06T09:36:57+00:00\" \/>\n<meta property=\"og:image\" content=\"https:\/\/victorlax.net\/wp-content\/uploads\/2023\/01\/20.jpg\" \/>\n<meta name=\"twitter:card\" content=\"summary_large_image\" \/>\n<meta name=\"twitter:label1\" content=\"Est. reading time\" \/>\n\t<meta name=\"twitter:data1\" content=\"16 minutes\" \/>\n<!-- \/ Yoast SEO plugin. -->","yoast_head_json":{"title":"Fot\u00f3grafo de bodas en Mallorca. Reportajes profesionales","description":"Reportajes fotogr\u00e1ficos de boda en Mallorca en un entorno de ensue\u00f1o. Contrata el mejor fot\u00f3grafo de bodas en Mallorca y consigue fotos que son arte","robots":{"index":"index","follow":"follow","max-snippet":"max-snippet:-1","max-image-preview":"max-image-preview:large","max-video-preview":"max-video-preview:-1"},"canonical":"https:\/\/victorlax.net\/es\/fotografo-de-bodas\/mallorca\/","og_locale":"es_ES","og_type":"article","og_title":"Fot\u00f3grafo de bodas en Mallorca. Reportajes profesionales","og_description":"Reportajes fotogr\u00e1ficos de boda en Mallorca en un entorno de ensue\u00f1o. Contrata el mejor fot\u00f3grafo de bodas en Mallorca y consigue fotos que son arte","og_url":"https:\/\/victorlax.net\/es\/fotografo-de-bodas\/mallorca\/","og_site_name":"VictorLax","article_modified_time":"2023-06-06T09:36:57+00:00","og_image":[{"url":"https:\/\/victorlax.net\/wp-content\/uploads\/2023\/01\/20.jpg"}],"twitter_card":"summary_large_image","twitter_misc":{"Est. reading time":"16 minutes"},"schema":{"@context":"https:\/\/schema.org","@graph":[{"@type":"WebPage","@id":"https:\/\/victorlax.net\/es\/fotografo-de-bodas\/mallorca\/","url":"https:\/\/victorlax.net\/es\/fotografo-de-bodas\/mallorca\/","name":"Fot\u00f3grafo de bodas en Mallorca. Reportajes profesionales","isPartOf":{"@id":"https:\/\/victorlax.net\/es\/#website"},"datePublished":"2022-11-28T15:15:33+00:00","dateModified":"2023-06-06T09:36:57+00:00","description":"Reportajes fotogr\u00e1ficos de boda en Mallorca en un entorno de ensue\u00f1o. Contrata el mejor fot\u00f3grafo de bodas en Mallorca y consigue fotos que son arte","breadcrumb":{"@id":"https:\/\/victorlax.net\/es\/fotografo-de-bodas\/mallorca\/#breadcrumb"},"inLanguage":"es","potentialAction":[{"@type":"ReadAction","target":["https:\/\/victorlax.net\/es\/fotografo-de-bodas\/mallorca\/"]}]},{"@type":"BreadcrumbList","@id":"https:\/\/victorlax.net\/es\/fotografo-de-bodas\/mallorca\/#breadcrumb","itemListElement":[{"@type":"ListItem","position":1,"name":"Inicio","item":"https:\/\/victorlax.net\/es\/"},{"@type":"ListItem","position":2,"name":"Fot\u00f3grafo de Bodas","item":"https:\/\/victorlax.net\/es\/fotografo-de-bodas\/"},{"@type":"ListItem","position":3,"name":"Bodas en Mallorca"}]},{"@type":"WebSite","@id":"https:\/\/victorlax.net\/es\/#website","url":"https:\/\/victorlax.net\/es\/","name":"VictorLax","description":"Convertimos tu boda en una obra de arte","potentialAction":[{"@type":"SearchAction","target":{"@type":"EntryPoint","urlTemplate":"https:\/\/victorlax.net\/es\/?s={search_term_string}"},"query-input":"required name=search_term_string"}],"inLanguage":"es"}]}},"_links":{"self":[{"href":"https:\/\/victorlax.net\/es\/wp-json\/wp\/v2\/pages\/24388"}],"collection":[{"href":"https:\/\/victorlax.net\/es\/wp-json\/wp\/v2\/pages"}],"about":[{"href":"https:\/\/victorlax.net\/es\/wp-json\/wp\/v2\/types\/page"}],"author":[{"embeddable":true,"href":"https:\/\/victorlax.net\/es\/wp-json\/wp\/v2\/users\/1"}],"replies":[{"embeddable":true,"href":"https:\/\/victorlax.net\/es\/wp-json\/wp\/v2\/comments?post=24388"}],"version-history":[{"count":16,"href":"https:\/\/victorlax.net\/es\/wp-json\/wp\/v2\/pages\/24388\/revisions"}],"predecessor-version":[{"id":34267,"href":"https:\/\/victorlax.net\/es\/wp-json\/wp\/v2\/pages\/24388\/revisions\/34267"}],"up":[{"embeddable":true,"href":"https:\/\/victorlax.net\/es\/wp-json\/wp\/v2\/pages\/24379"}],"wp:attachment":[{"href":"https:\/\/victorlax.net\/es\/wp-json\/wp\/v2\/media?parent=24388"}],"curies":[{"name":"wp","href":"https:\/\/api.w.org\/{rel}","templated":true}]}}