{"id":24745,"date":"2022-12-09T09:43:53","date_gmt":"2022-12-09T08:43:53","guid":{"rendered":"https:\/\/victorlax.net\/?page_id=24745"},"modified":"2024-05-06T08:48:15","modified_gmt":"2024-05-06T06:48:15","slug":"fotografos-de-familias","status":"publish","type":"page","link":"https:\/\/victorlax.net\/es\/fotografos-de-familias\/","title":{"rendered":"Fot\u00f3grafos de Familias"},"content":{"rendered":"\t\t<div data-elementor-type=\"wp-page\" data-elementor-id=\"24745\" class=\"elementor elementor-24745 elementor-24737\">\n\t\t\t\t\t\t\t\t\t<section class=\"elementor-section elementor-top-section elementor-element elementor-element-3ad64a02 elementor-section-boxed elementor-section-height-default elementor-section-height-default\" data-id=\"3ad64a02\" data-element_type=\"section\">\n\t\t\t\t\t\t<div class=\"elementor-container elementor-column-gap-default\">\n\t\t\t\t\t<div class=\"elementor-column elementor-col-100 elementor-top-column elementor-element elementor-element-31b0337c\" data-id=\"31b0337c\" data-element_type=\"column\">\n\t\t\t<div class=\"elementor-widget-wrap elementor-element-populated\">\n\t\t\t\t\t\t\t\t\t<\/div>\n\t\t<\/div>\n\t\t\t\t\t\t\t<\/div>\n\t\t<\/section>\n\t\t\t\t<section class=\"elementor-section elementor-top-section elementor-element elementor-element-6362b68 elementor-section-boxed elementor-section-height-default elementor-section-height-default\" data-id=\"6362b68\" data-element_type=\"section\">\n\t\t\t\t\t\t<div class=\"elementor-container elementor-column-gap-default\">\n\t\t\t\t\t<div class=\"elementor-column elementor-col-100 elementor-top-column elementor-element elementor-element-b4dbf9a\" data-id=\"b4dbf9a\" data-element_type=\"column\">\n\t\t\t<div class=\"elementor-widget-wrap elementor-element-populated\">\n\t\t\t\t\t\t\t\t<div class=\"elementor-element elementor-element-2dc61fe elementor-widget elementor-widget-text-editor\" data-id=\"2dc61fe\" data-element_type=\"widget\" data-widget_type=\"text-editor.default\">\n\t\t\t\t<div class=\"elementor-widget-container\">\n\t\t\t<style>\/*! elementor - v3.15.0 - 09-08-2023 *\/\n.elementor-widget-text-editor.elementor-drop-cap-view-stacked .elementor-drop-cap{background-color:#69727d;color:#fff}.elementor-widget-text-editor.elementor-drop-cap-view-framed .elementor-drop-cap{color:#69727d;border:3px solid;background-color:transparent}.elementor-widget-text-editor:not(.elementor-drop-cap-view-default) .elementor-drop-cap{margin-top:8px}.elementor-widget-text-editor:not(.elementor-drop-cap-view-default) .elementor-drop-cap-letter{width:1em;height:1em}.elementor-widget-text-editor .elementor-drop-cap{float:left;text-align:center;line-height:1;font-size:50px}.elementor-widget-text-editor .elementor-drop-cap-letter{display:inline-block}<\/style>\t\t\t\t<p><span style=\"font-weight: 400;\">Al igual que en muchas ocasiones hemos hablado de la importancia de los fot&oacute;grafos de bodas y de los de embarazos, como profesionales, creemos que las sesiones de fotos en familia son algunas de las m&aacute;s memorables para todos los miembros. Es una<\/span><strong> manera &uacute;nica de recordar la infancia de los m&aacute;s peque&ntilde;os de la casa<\/strong><span style=\"font-weight: 400;\">, as&iacute; como de pasar un buen rato en familia que siempre quedar&aacute; protegido.<\/span><\/p>\n<p><span style=\"font-weight: 400;\">Si t&uacute; tambi&eacute;n quieres contratar un fot&oacute;grafo de familia, no lo dudes m&aacute;s y <\/span><strong>ponte en contacto<\/strong><span style=\"font-weight: 400;\"> con nosotros, resolveremos todas tus dudas y te ayudaremos a crear un recuerdo inolvidable.<\/span><\/p>\t\t\t\t\t\t<\/div>\n\t\t\t\t<\/div>\n\t\t\t\t\t<\/div>\n\t\t<\/div>\n\t\t\t\t\t\t\t<\/div>\n\t\t<\/section>\n\t\t\t\t<section class=\"elementor-section elementor-top-section elementor-element elementor-element-3629eb55 elementor-section-boxed elementor-section-height-default elementor-section-height-default\" data-id=\"3629eb55\" data-element_type=\"section\">\n\t\t\t\t\t\t<div class=\"elementor-container elementor-column-gap-default\">\n\t\t\t\t\t<div class=\"elementor-column elementor-col-100 elementor-top-column elementor-element elementor-element-32846d0\" data-id=\"32846d0\" data-element_type=\"column\">\n\t\t\t<div class=\"elementor-widget-wrap elementor-element-populated\">\n\t\t\t\t\t\t\t\t<div class=\"elementor-element elementor-element-bf79ab8 uael-equal__height-yes uael-posts-thumbnail-ratio apartado_blog elementor-widget elementor-widget-uael-posts\" data-id=\"bf79ab8\" data-element_type=\"widget\" data-settings=\"{&quot;classic_slides_to_show&quot;:3,&quot;classic_slides_to_show_tablet&quot;:2,&quot;classic_slides_to_show_mobile&quot;:1,&quot;classic_pagination_type&quot;:&quot;ajax&quot;}\" data-widget_type=\"uael-posts.classic\">\n\t\t\t\t<div class=\"elementor-widget-container\">\n\t\t\t\t\t<div class=\"uael-post__header\">\n\t\t\t\t\t<\/div>\n\t\t<div class=\"uael-post__body\">\n\t\t\t\n\t\t\n\t\t<div class=\"uael-blog-terms-position-above_content uael-post-image-top uael-post-grid uael-posts\" data-query-type=\"custom\" data-structure=\"normal\" data-layout=\"\" data-page=\"24745\" data-skin=\"classic\" data-filter-default=\"\" data-offset-top=\"30\" >\n\n\t\t\t\t\t\t\t<div class=\"uael-post-grid__inner uael-post__columns-3 uael-post__columns-tablet-2 uael-post__columns-mobile-1\">\n\t\t\t\n<div class=\"uael-post-wrapper   familia \">\n\t<div class=\"uael-post__bg-wrap\">\n\n\t\t\t\t\n\t\t<div class=\"uael-post__inner-wrap\">\n\n\t\t\t\t<div class=\"uael-post__thumbnail\">\n\t\t\t\n\t\t\t<a href=\"https:\/\/victorlax.net\/es\/familia\/claudia-y-jara-family-in-mallorca\/\" target=\"_self\" title=\"Claudia, Jara &#038; Family en Mallorca\"><img decoding=\"async\" width=\"1920\" height=\"1280\" src=\"https:\/\/victorlax.net\/wp-content\/uploads\/2022\/11\/Lax-1-3.jpg\" class=\"attachment-full size-full wp-image-16762\" alt=\"\" srcset=\"https:\/\/victorlax.net\/wp-content\/uploads\/2022\/11\/Lax-1-3.jpg 1920w, https:\/\/victorlax.net\/wp-content\/uploads\/2022\/11\/Lax-1-3-526x351.jpg 526w, https:\/\/victorlax.net\/wp-content\/uploads\/2022\/11\/Lax-1-3-120x80.jpg 120w, https:\/\/victorlax.net\/wp-content\/uploads\/2022\/11\/Lax-1-3-1052x701.jpg 1052w, https:\/\/victorlax.net\/wp-content\/uploads\/2022\/11\/Lax-1-3-300x200.jpg 300w, https:\/\/victorlax.net\/wp-content\/uploads\/2022\/11\/Lax-1-3-1024x683.jpg 1024w, https:\/\/victorlax.net\/wp-content\/uploads\/2022\/11\/Lax-1-3-150x100.jpg 150w, https:\/\/victorlax.net\/wp-content\/uploads\/2022\/11\/Lax-1-3-768x512.jpg 768w, https:\/\/victorlax.net\/wp-content\/uploads\/2022\/11\/Lax-1-3-1536x1024.jpg 1536w\" sizes=\"(max-width: 1920px) 100vw, 1920px\" \/><\/a>\n\t\t\t\t\t<\/div>\n\t\t\n\t\t\t\n\t\t\t<div class=\"uael-post__content-wrap\">\n\t\t\t\t\t\t\t<div class=\"uael-post__terms-wrap\"><span class=\"uael-post__terms\"><span class=\"uael-listing__terms-link\">Familia<\/span><\/span><\/div>\n\t\t\t\t\t\t<h2 class=\"uael-post__title\">\n\n\t\t\n\t\t\t\t\t\t<a href=\"https:\/\/victorlax.net\/es\/familia\/claudia-y-jara-family-in-mallorca\/\" target=\"_self\">\n\t\t\t\tClaudia, Jara &#038; Family en Mallorca\t\t\t<\/a>\n\n\t\t\t\t<\/h2>\n\t\t\n\t\t<div class=\"uael-post__excerpt\">\n\t\t\t<p>Qu\u00e9 gran experiencia el poder fotografiar a nuestros amigos Susana &amp; Fabi\u00e1n y las incre\u00edbles Claudia y Jara en Mallorca durante un d\u00eda entero.<\/p>\n\t\t<\/div>\n\n\t\t\t\t\t<div class=\"uael-post__meta-data\">\n\t\t\t\t\t<\/div>\n\t\t\t\t\t<\/div>\n\t\t\t\n\t\t<\/div>\n\t\t\n\t<\/div>\n\n<\/div>\n\n<div class=\"uael-post-wrapper   familia \">\n\t<div class=\"uael-post__bg-wrap\">\n\n\t\t\t\t\n\t\t<div class=\"uael-post__inner-wrap\">\n\n\t\t\t\t<div class=\"uael-post__thumbnail\">\n\t\t\t\n\t\t\t<a href=\"https:\/\/victorlax.net\/es\/familia\/juan-leire-family-time\/\" target=\"_self\" title=\"Juan + Leire.   Family time.\"><img decoding=\"async\" width=\"800\" height=\"532\" src=\"https:\/\/victorlax.net\/wp-content\/uploads\/2022\/11\/01-2.jpg\" class=\"attachment-full size-full wp-image-14543\" alt=\"\" srcset=\"https:\/\/victorlax.net\/wp-content\/uploads\/2022\/11\/01-2.jpg 800w, https:\/\/victorlax.net\/wp-content\/uploads\/2022\/11\/01-2-526x350.jpg 526w, https:\/\/victorlax.net\/wp-content\/uploads\/2022\/11\/01-2-120x80.jpg 120w, https:\/\/victorlax.net\/wp-content\/uploads\/2022\/11\/01-2-300x200.jpg 300w, https:\/\/victorlax.net\/wp-content\/uploads\/2022\/11\/01-2-150x100.jpg 150w, https:\/\/victorlax.net\/wp-content\/uploads\/2022\/11\/01-2-768x511.jpg 768w\" sizes=\"(max-width: 800px) 100vw, 800px\" \/><\/a>\n\t\t\t\t\t<\/div>\n\t\t\n\t\t\t\n\t\t\t<div class=\"uael-post__content-wrap\">\n\t\t\t\t\t\t\t<div class=\"uael-post__terms-wrap\"><span class=\"uael-post__terms\"><span class=\"uael-listing__terms-link\">Familia<\/span><\/span><\/div>\n\t\t\t\t\t\t<h2 class=\"uael-post__title\">\n\n\t\t\n\t\t\t\t\t\t<a href=\"https:\/\/victorlax.net\/es\/familia\/juan-leire-family-time\/\" target=\"_self\">\n\t\t\t\tJuan + Leire.   Family time.\t\t\t<\/a>\n\n\t\t\t\t<\/h2>\n\t\t\n\t\t<div class=\"uael-post__excerpt\">\n\t\t\t<p>A las pocas semanas de su boda en Donostia, recib\u00ed la llamada de Juan &amp; Leire, detr\u00e1s del tel\u00e9fono se encontraba Juan, euf\u00f3rico como siempre,jaja. No me hab\u00eda llamado tan solo para decirme lo mucho que les hab\u00edan gustado las fotos de su boda sino para proponerme muchas m\u00e1s. Leire &#8230;<\/p>\n\t\t<\/div>\n\n\t\t\t\t\t<div class=\"uael-post__meta-data\">\n\t\t\t\t\t<\/div>\n\t\t\t\t\t<\/div>\n\t\t\t\n\t\t<\/div>\n\t\t\n\t<\/div>\n\n<\/div>\n\t\t\t\t<\/div>\n\t\t\t\t\t\t\n\t\t<\/div>\n\n\t\t\t\t\t\t<\/div>\n\t\t<div class=\"uael-post__footer\">\n\t\t\t\t\t<\/div>\n\t\t\t\t<\/div>\n\t\t\t\t<\/div>\n\t\t\t\t\t<\/div>\n\t\t<\/div>\n\t\t\t\t\t\t\t<\/div>\n\t\t<\/section>\n\t\t\t\t<section class=\"elementor-section elementor-top-section elementor-element elementor-element-f81d959 elementor-section-boxed elementor-section-height-default elementor-section-height-default\" data-id=\"f81d959\" data-element_type=\"section\">\n\t\t\t\t\t\t<div class=\"elementor-container elementor-column-gap-default\">\n\t\t\t\t\t<div class=\"elementor-column elementor-col-100 elementor-top-column elementor-element elementor-element-badac18\" data-id=\"badac18\" data-element_type=\"column\">\n\t\t\t<div class=\"elementor-widget-wrap elementor-element-populated\">\n\t\t\t\t\t\t\t\t<div class=\"elementor-element elementor-element-668549d elementor-widget elementor-widget-text-editor\" data-id=\"668549d\" data-element_type=\"widget\" data-widget_type=\"text-editor.default\">\n\t\t\t\t<div class=\"elementor-widget-container\">\n\t\t\t\t\t\t\t<h2><span style=\"font-weight: 400;\">Sesi\u00f3n de fotos en familias<\/span><\/h2>\n<p><span style=\"font-weight: 400;\">No importa el motivo, no hay que tener una excusa de peso para realizar una sesi\u00f3n de fotos, ni hace falta vestirse de una manera determinada, ni ir a la peluquer\u00eda. Con las sesiones de fotos en familia, normalmente queremos reflejar la <\/span><strong>cercan\u00eda<\/strong><span style=\"font-weight: 400;\">, la <\/span><strong>normalidad <\/strong><span style=\"font-weight: 400;\">y <\/span><strong>apreciar el d\u00eda a d\u00eda<\/strong><span style=\"font-weight: 400;\"> con los nuestros de una manera especial. No importa tampoco si quieres una sesi\u00f3n solo con tu pareja y los ni\u00f1os, o una sesi\u00f3n con m\u00e1s miembros de tu familia.<\/span><\/p>\n<p><span style=\"font-weight: 400;\">Nosotros te ayudaremos a crear <\/span><strong>un \u00e1lbum \u00fanico que cada miembro de la familia pueda disfrutar<\/strong><span style=\"font-weight: 400;\"> y <\/span><strong>sentir como suyo<\/strong><span style=\"font-weight: 400;\">, sin que haya un protagonista. En la familia, todos lo son. Este es el caso de<\/span><a href=\"https:\/\/victorlax.net\/es\/familia\/juan-leire-family-time\/\"><span style=\"font-weight: 400;\"> Juan y Leire<\/span><\/a><span style=\"font-weight: 400;\">, que unas semanas tras su boda, decidieron que quer\u00edan una sesi\u00f3n m\u00e1s cercana, solo con los familiares m\u00e1s directos en el pueblo donde se criaron.<\/span><\/p>\n<p><span style=\"font-weight: 400;\">Otro ejemplo es la incre\u00edble sesi\u00f3n que tuvimos el placer de hacer con<\/span><a href=\"https:\/\/victorlax.net\/es\/familia\/claudia-y-jara-family-in-mallorca\/\" target=\"_blank\" rel=\"noopener\"><span style=\"font-weight: 400;\"> Susana y Fabi\u00e1n<\/span><\/a><span style=\"font-weight: 400;\"> y sus hijas. Unas fotograf\u00edas familiares, en su<\/span><strong> acogedor hogar,<\/strong><span style=\"font-weight: 400;\"> donde pudimos disfrutar del amor familiar en cada esquina.<\/span><\/p>\n<p><span style=\"font-weight: 400;\">No lo dudes m\u00e1s y contacta con nosotros para conocer todos los detalles y contarnos m\u00e1s sobre tu familia, a la que estaremos m\u00e1s que encantados de conocer como fot\u00f3grafos de sesiones familiares.<\/span><\/p>\t\t\t\t\t\t<\/div>\n\t\t\t\t<\/div>\n\t\t\t\t\t<\/div>\n\t\t<\/div>\n\t\t\t\t\t\t\t<\/div>\n\t\t<\/section>\n\t\t\t\t<section class=\"elementor-section elementor-top-section elementor-element elementor-element-1be2b82 elementor-section-full_width elementor-section-height-default elementor-section-height-default\" data-id=\"1be2b82\" data-element_type=\"section\">\n\t\t\t\t\t\t<div class=\"elementor-container elementor-column-gap-default\">\n\t\t\t\t\t<div class=\"elementor-column elementor-col-100 elementor-top-column elementor-element elementor-element-0484b4a\" data-id=\"0484b4a\" data-element_type=\"column\">\n\t\t\t<div class=\"elementor-widget-wrap elementor-element-populated\">\n\t\t\t\t\t\t\t\t<div class=\"elementor-element elementor-element-ed43f9e elementor-widget elementor-widget-shortcode\" data-id=\"ed43f9e\" data-element_type=\"widget\" data-widget_type=\"shortcode.default\">\n\t\t\t\t<div class=\"elementor-widget-container\">\n\t\t\t\t\t<div class=\"elementor-shortcode\">\t\t<div data-elementor-type=\"section\" data-elementor-id=\"27287\" class=\"elementor elementor-27287 elementor-27284\">\n\t\t\t\t\t\t\t\t<section class=\"elementor-section elementor-top-section elementor-element elementor-element-58d1bd43 elementor-section-full_width elementor-section-height-min-height elementor-section-items-stretch elementor-section-content-space-between elementor-section-height-default\" data-id=\"58d1bd43\" data-element_type=\"section\" data-settings=\"{&quot;background_background&quot;:&quot;classic&quot;}\">\n\t\t\t\t\t\t<div class=\"elementor-container elementor-column-gap-default\">\n\t\t\t\t\t<div class=\"elementor-column elementor-col-100 elementor-top-column elementor-element elementor-element-1e32e265\" data-id=\"1e32e265\" data-element_type=\"column\">\n\t\t\t<div class=\"elementor-widget-wrap elementor-element-populated\">\n\t\t\t\t\t\t\t\t<div class=\"elementor-element elementor-element-2ea7b57f elementor-widget elementor-widget-heading\" data-id=\"2ea7b57f\" data-element_type=\"widget\" data-widget_type=\"heading.default\">\n\t\t\t\t<div class=\"elementor-widget-container\">\n\t\t\t<style>\/*! elementor - v3.15.0 - 09-08-2023 *\/\n.elementor-heading-title{padding:0;margin:0;line-height:1}.elementor-widget-heading .elementor-heading-title[class*=elementor-size-]>a{color:inherit;font-size:inherit;line-height:inherit}.elementor-widget-heading .elementor-heading-title.elementor-size-small{font-size:15px}.elementor-widget-heading .elementor-heading-title.elementor-size-medium{font-size:19px}.elementor-widget-heading .elementor-heading-title.elementor-size-large{font-size:29px}.elementor-widget-heading .elementor-heading-title.elementor-size-xl{font-size:39px}.elementor-widget-heading .elementor-heading-title.elementor-size-xxl{font-size:59px}<\/style><h3 class=\"elementor-heading-title elementor-size-default\">Elige donde te quieres casar y ahi estaremos<\/h3>\t\t<\/div>\n\t\t\t\t<\/div>\n\t\t\t\t<div class=\"elementor-element elementor-element-5c43c3ed elementor-align-center elementor-widget elementor-widget-button\" data-id=\"5c43c3ed\" data-element_type=\"widget\" data-widget_type=\"button.default\">\n\t\t\t\t<div class=\"elementor-widget-container\">\n\t\t\t\t\t<div class=\"elementor-button-wrapper\">\n\t\t\t<a class=\"elementor-button elementor-button-link elementor-size-md\" href=\"https:\/\/victorlax.net\/es\/contactar\/\">\n\t\t\t\t\t\t<span class=\"elementor-button-content-wrapper\">\n\t\t\t\t\t\t<span class=\"elementor-button-text\">Contactar<\/span>\n\t\t<\/span>\n\t\t\t\t\t<\/a>\n\t\t<\/div>\n\t\t\t\t<\/div>\n\t\t\t\t<\/div>\n\t\t\t\t\t<\/div>\n\t\t<\/div>\n\t\t\t\t\t\t\t<\/div>\n\t\t<\/section>\n\t\t\t\t\t\t<\/div>\n\t\t<\/div>\n\t\t\t\t<\/div>\n\t\t\t\t<\/div>\n\t\t\t\t\t<\/div>\n\t\t<\/div>\n\t\t\t\t\t\t\t<\/div>\n\t\t<\/section>\n\t\t\t\t\t\t\t<\/div>\n\t\t","protected":false},"excerpt":{"rendered":"<p>Al igual que en muchas ocasiones hemos hablado de la importancia de los fot&oacute;grafos de bodas y de los de embarazos, como profesionales, creemos que las sesiones de fotos en familia son algunas de las m&aacute;s memorables para todos los miembros. Es una manera &uacute;nica de recordar la infancia de los m&aacute;s peque&ntilde;os de la [&hellip;]<\/p>\n","protected":false},"author":1,"featured_media":0,"parent":0,"menu_order":0,"comment_status":"closed","ping_status":"closed","template":"elementor-template.php","meta":{"inline_featured_image":false,"footnotes":"","_links_to":"","_links_to_target":""},"acf":[],"yoast_head":"<!-- This site is optimized with the Yoast SEO plugin v19.10 - https:\/\/yoast.com\/wordpress\/plugins\/seo\/ -->\n<title>Fot\u00f3grafos y fot\u00f3grafas de familia. Reportaje familiar<\/title>\n<meta name=\"description\" content=\"Los mejores fot\u00f3grafos y fot\u00f3grafas de familia. Realizamos tu reportaje familiar para que teng\u00e1is recuerdos que perduren para la eternidad\" \/>\n<meta name=\"robots\" content=\"index, follow, max-snippet:-1, max-image-preview:large, max-video-preview:-1\" \/>\n<link rel=\"canonical\" href=\"https:\/\/victorlax.net\/es\/fotografos-de-familias\/\" \/>\n<meta property=\"og:locale\" content=\"es_ES\" \/>\n<meta property=\"og:type\" content=\"article\" \/>\n<meta property=\"og:title\" content=\"Fot\u00f3grafos y fot\u00f3grafas de familia. Reportaje familiar\" \/>\n<meta property=\"og:description\" content=\"Los mejores fot\u00f3grafos y fot\u00f3grafas de familia. Realizamos tu reportaje familiar para que teng\u00e1is recuerdos que perduren para la eternidad\" \/>\n<meta property=\"og:url\" content=\"https:\/\/victorlax.net\/es\/fotografos-de-familias\/\" \/>\n<meta property=\"og:site_name\" content=\"VictorLax\" \/>\n<meta property=\"article:modified_time\" content=\"2024-05-06T06:48:15+00:00\" \/>\n<meta property=\"og:image\" content=\"https:\/\/victorlax.net\/wp-content\/uploads\/2022\/11\/Lax-1-3.jpg\" \/>\n<meta name=\"twitter:card\" content=\"summary_large_image\" \/>\n<meta name=\"twitter:label1\" content=\"Est. reading time\" \/>\n\t<meta name=\"twitter:data1\" content=\"2 minutes\" \/>\n<!-- \/ Yoast SEO plugin. -->","yoast_head_json":{"title":"Fot\u00f3grafos y fot\u00f3grafas de familia. Reportaje familiar","description":"Los mejores fot\u00f3grafos y fot\u00f3grafas de familia. Realizamos tu reportaje familiar para que teng\u00e1is recuerdos que perduren para la eternidad","robots":{"index":"index","follow":"follow","max-snippet":"max-snippet:-1","max-image-preview":"max-image-preview:large","max-video-preview":"max-video-preview:-1"},"canonical":"https:\/\/victorlax.net\/es\/fotografos-de-familias\/","og_locale":"es_ES","og_type":"article","og_title":"Fot\u00f3grafos y fot\u00f3grafas de familia. Reportaje familiar","og_description":"Los mejores fot\u00f3grafos y fot\u00f3grafas de familia. Realizamos tu reportaje familiar para que teng\u00e1is recuerdos que perduren para la eternidad","og_url":"https:\/\/victorlax.net\/es\/fotografos-de-familias\/","og_site_name":"VictorLax","article_modified_time":"2024-05-06T06:48:15+00:00","og_image":[{"url":"https:\/\/victorlax.net\/wp-content\/uploads\/2022\/11\/Lax-1-3.jpg"}],"twitter_card":"summary_large_image","twitter_misc":{"Est. reading time":"2 minutes"},"schema":{"@context":"https:\/\/schema.org","@graph":[{"@type":"WebPage","@id":"https:\/\/victorlax.net\/es\/fotografos-de-familias\/","url":"https:\/\/victorlax.net\/es\/fotografos-de-familias\/","name":"Fot\u00f3grafos y fot\u00f3grafas de familia. Reportaje familiar","isPartOf":{"@id":"https:\/\/victorlax.net\/es\/#website"},"datePublished":"2022-12-09T08:43:53+00:00","dateModified":"2024-05-06T06:48:15+00:00","description":"Los mejores fot\u00f3grafos y fot\u00f3grafas de familia. Realizamos tu reportaje familiar para que teng\u00e1is recuerdos que perduren para la eternidad","breadcrumb":{"@id":"https:\/\/victorlax.net\/es\/fotografos-de-familias\/#breadcrumb"},"inLanguage":"es","potentialAction":[{"@type":"ReadAction","target":["https:\/\/victorlax.net\/es\/fotografos-de-familias\/"]}]},{"@type":"BreadcrumbList","@id":"https:\/\/victorlax.net\/es\/fotografos-de-familias\/#breadcrumb","itemListElement":[{"@type":"ListItem","position":1,"name":"Inicio","item":"https:\/\/victorlax.net\/es\/"},{"@type":"ListItem","position":2,"name":"Fot\u00f3grafos de Familias"}]},{"@type":"WebSite","@id":"https:\/\/victorlax.net\/es\/#website","url":"https:\/\/victorlax.net\/es\/","name":"VictorLax","description":"Convertimos tu boda en una obra de arte","potentialAction":[{"@type":"SearchAction","target":{"@type":"EntryPoint","urlTemplate":"https:\/\/victorlax.net\/es\/?s={search_term_string}"},"query-input":"required name=search_term_string"}],"inLanguage":"es"}]}},"_links":{"self":[{"href":"https:\/\/victorlax.net\/es\/wp-json\/wp\/v2\/pages\/24745"}],"collection":[{"href":"https:\/\/victorlax.net\/es\/wp-json\/wp\/v2\/pages"}],"about":[{"href":"https:\/\/victorlax.net\/es\/wp-json\/wp\/v2\/types\/page"}],"author":[{"embeddable":true,"href":"https:\/\/victorlax.net\/es\/wp-json\/wp\/v2\/users\/1"}],"replies":[{"embeddable":true,"href":"https:\/\/victorlax.net\/es\/wp-json\/wp\/v2\/comments?post=24745"}],"version-history":[{"count":6,"href":"https:\/\/victorlax.net\/es\/wp-json\/wp\/v2\/pages\/24745\/revisions"}],"predecessor-version":[{"id":34927,"href":"https:\/\/victorlax.net\/es\/wp-json\/wp\/v2\/pages\/24745\/revisions\/34927"}],"wp:attachment":[{"href":"https:\/\/victorlax.net\/es\/wp-json\/wp\/v2\/media?parent=24745"}],"curies":[{"name":"wp","href":"https:\/\/api.w.org\/{rel}","templated":true}]}}