{"id":24986,"date":"2022-12-09T12:17:26","date_gmt":"2022-12-09T11:17:26","guid":{"rendered":"https:\/\/victorlax.net\/?page_id=24986"},"modified":"2024-05-06T08:51:09","modified_gmt":"2024-05-06T06:51:09","slug":"fotografos-de-embarazos","status":"publish","type":"page","link":"https:\/\/victorlax.net\/es\/fotografos-de-embarazos\/","title":{"rendered":"Fot\u00f3grafos de Embarazos"},"content":{"rendered":"\t\t<div data-elementor-type=\"wp-page\" data-elementor-id=\"24986\" class=\"elementor elementor-24986 elementor-24965\">\n\t\t\t\t\t\t\t\t\t<section class=\"elementor-section elementor-top-section elementor-element elementor-element-3ad64a02 elementor-section-boxed elementor-section-height-default elementor-section-height-default\" data-id=\"3ad64a02\" data-element_type=\"section\">\n\t\t\t\t\t\t<div class=\"elementor-container elementor-column-gap-default\">\n\t\t\t\t\t<div class=\"elementor-column elementor-col-100 elementor-top-column elementor-element elementor-element-31b0337c\" data-id=\"31b0337c\" data-element_type=\"column\">\n\t\t\t<div class=\"elementor-widget-wrap elementor-element-populated\">\n\t\t\t\t\t\t\t\t\t<\/div>\n\t\t<\/div>\n\t\t\t\t\t\t\t<\/div>\n\t\t<\/section>\n\t\t\t\t<section class=\"elementor-section elementor-top-section elementor-element elementor-element-6ba1d39 elementor-section-boxed elementor-section-height-default elementor-section-height-default\" data-id=\"6ba1d39\" data-element_type=\"section\">\n\t\t\t\t\t\t<div class=\"elementor-container elementor-column-gap-default\">\n\t\t\t\t\t<div class=\"elementor-column elementor-col-100 elementor-top-column elementor-element elementor-element-837c4c3\" data-id=\"837c4c3\" data-element_type=\"column\">\n\t\t\t<div class=\"elementor-widget-wrap elementor-element-populated\">\n\t\t\t\t\t\t\t\t<div class=\"elementor-element elementor-element-81fa04b elementor-widget elementor-widget-text-editor\" data-id=\"81fa04b\" data-element_type=\"widget\" data-widget_type=\"text-editor.default\">\n\t\t\t\t<div class=\"elementor-widget-container\">\n\t\t\t<style>\/*! elementor - v3.15.0 - 09-08-2023 *\/\n.elementor-widget-text-editor.elementor-drop-cap-view-stacked .elementor-drop-cap{background-color:#69727d;color:#fff}.elementor-widget-text-editor.elementor-drop-cap-view-framed .elementor-drop-cap{color:#69727d;border:3px solid;background-color:transparent}.elementor-widget-text-editor:not(.elementor-drop-cap-view-default) .elementor-drop-cap{margin-top:8px}.elementor-widget-text-editor:not(.elementor-drop-cap-view-default) .elementor-drop-cap-letter{width:1em;height:1em}.elementor-widget-text-editor .elementor-drop-cap{float:left;text-align:center;line-height:1;font-size:50px}.elementor-widget-text-editor .elementor-drop-cap-letter{display:inline-block}<\/style>\t\t\t\t<p><span style=\"font-weight: 400;\">Como fot&oacute;grafos expertos, sabemos que cualquier momento es adecuado para hacer una sesi&oacute;n de fotos y <\/span><strong>dejar inmortalizados algunos de los momentos m&aacute;s importantes de tu vida.<\/strong><span style=\"font-weight: 400;\"> Algunos de estos momentos son los embarazos. Recordar estos meses de una manera &uacute;nica y ver las sonrisas que sabemos que aparecer&aacute;n cuando se sienten a mirar las fotos, es uno de los motivos por los que nos encanta ser fot&oacute;grafos de embarazos.<\/span><\/p>\n<p><span style=\"font-weight: 400;\">Recuerda que las sesiones de fotos no est&aacute;n reservadas a las bodas, ni mucho menos, y es por eso que nosotros siempre os animamos a reservar<\/span><strong> sesiones de fotos para cualquier tipo de ocasi&oacute;n<\/strong><span style=\"font-weight: 400;\">, sea especial o no, porque podemos convertir un d&iacute;a normal en uno inolvidable.<\/span><\/p>\t\t\t\t\t\t<\/div>\n\t\t\t\t<\/div>\n\t\t\t\t\t<\/div>\n\t\t<\/div>\n\t\t\t\t\t\t\t<\/div>\n\t\t<\/section>\n\t\t\t\t<section class=\"elementor-section elementor-top-section elementor-element elementor-element-3629eb55 elementor-section-boxed elementor-section-height-default elementor-section-height-default\" data-id=\"3629eb55\" data-element_type=\"section\">\n\t\t\t\t\t\t<div class=\"elementor-container elementor-column-gap-default\">\n\t\t\t\t\t<div class=\"elementor-column elementor-col-100 elementor-top-column elementor-element elementor-element-32846d0\" data-id=\"32846d0\" data-element_type=\"column\">\n\t\t\t<div class=\"elementor-widget-wrap elementor-element-populated\">\n\t\t\t\t\t\t\t\t<div class=\"elementor-element elementor-element-bf79ab8 uael-equal__height-yes uael-posts-thumbnail-ratio apartado_blog elementor-widget elementor-widget-uael-posts\" data-id=\"bf79ab8\" data-element_type=\"widget\" data-settings=\"{&quot;classic_slides_to_show&quot;:3,&quot;classic_slides_to_show_tablet&quot;:2,&quot;classic_slides_to_show_mobile&quot;:1,&quot;classic_pagination_type&quot;:&quot;ajax&quot;}\" data-widget_type=\"uael-posts.classic\">\n\t\t\t\t<div class=\"elementor-widget-container\">\n\t\t\t\t\t<div class=\"uael-post__header\">\n\t\t\t\t\t<\/div>\n\t\t<div class=\"uael-post__body\">\n\t\t\t\n\t\t\n\t\t<div class=\"uael-blog-terms-position-above_content uael-post-image-top uael-post-grid uael-posts\" data-query-type=\"custom\" data-structure=\"normal\" data-layout=\"\" data-page=\"24986\" data-skin=\"classic\" data-filter-default=\"\" data-offset-top=\"30\" >\n\n\t\t\t\t\t\t\t<div class=\"uael-post-grid__inner uael-post__columns-3 uael-post__columns-tablet-2 uael-post__columns-mobile-1\">\n\t\t\t\n<div class=\"uael-post-wrapper   embarazo \">\n\t<div class=\"uael-post__bg-wrap\">\n\n\t\t\t\t\n\t\t<div class=\"uael-post__inner-wrap\">\n\n\t\t\t\t<div class=\"uael-post__thumbnail\">\n\t\t\t\n\t\t\t<a href=\"https:\/\/victorlax.net\/es\/embarazo\/el-13\/\" target=\"_self\" title=\"El 13  !!!\"><img decoding=\"async\" width=\"800\" height=\"532\" src=\"https:\/\/victorlax.net\/wp-content\/uploads\/2022\/11\/Lax-11-1.jpg\" class=\"attachment-full size-full wp-image-15038\" alt=\"\" srcset=\"https:\/\/victorlax.net\/wp-content\/uploads\/2022\/11\/Lax-11-1.jpg 800w, https:\/\/victorlax.net\/wp-content\/uploads\/2022\/11\/Lax-11-1-526x350.jpg 526w, https:\/\/victorlax.net\/wp-content\/uploads\/2022\/11\/Lax-11-1-120x80.jpg 120w, https:\/\/victorlax.net\/wp-content\/uploads\/2022\/11\/Lax-11-1-300x200.jpg 300w, https:\/\/victorlax.net\/wp-content\/uploads\/2022\/11\/Lax-11-1-150x100.jpg 150w, https:\/\/victorlax.net\/wp-content\/uploads\/2022\/11\/Lax-11-1-768x511.jpg 768w\" sizes=\"(max-width: 800px) 100vw, 800px\" \/><\/a>\n\t\t\t\t\t<\/div>\n\t\t\n\t\t\t\n\t\t\t<div class=\"uael-post__content-wrap\">\n\t\t\t\t\t\t\t<div class=\"uael-post__terms-wrap\"><span class=\"uael-post__terms\"><span class=\"uael-listing__terms-link\">Embarazo<\/span><\/span><\/div>\n\t\t\t\t\t\t<h2 class=\"uael-post__title\">\n\n\t\t\n\t\t\t\t\t\t<a href=\"https:\/\/victorlax.net\/es\/embarazo\/el-13\/\" target=\"_self\">\n\t\t\t\tEl 13  !!!\t\t\t<\/a>\n\n\t\t\t\t<\/h2>\n\t\t\n\t\t<div class=\"uael-post__excerpt\">\n\t\t\t<p>Nuevas ilusiones, m\u00e1s proyectos, ganas de volver a notar esos nervios correr por dentro de el pecho momentos antes de comenzar la boda, sonrisas,l\u00e1grimas, inspiraci\u00f3n, mucha inspiraci\u00f3n, viajar, nuevos amigos, locura, mucha locura,jajaja. Todo \u00e9sto y m\u00e1s espero del a\u00f1o que acabamos de estrenar pero acaba de irse uno de &#8230;<\/p>\n\t\t<\/div>\n\n\t\t\t\t\t<div class=\"uael-post__meta-data\">\n\t\t\t\t\t<\/div>\n\t\t\t\t\t<\/div>\n\t\t\t\n\t\t<\/div>\n\t\t\n\t<\/div>\n\n<\/div>\n\n<div class=\"uael-post-wrapper   embarazo \">\n\t<div class=\"uael-post__bg-wrap\">\n\n\t\t\t\t\n\t\t<div class=\"uael-post__inner-wrap\">\n\n\t\t\t\t<div class=\"uael-post__thumbnail\">\n\t\t\t\n\t\t\t<a href=\"https:\/\/victorlax.net\/es\/embarazo\/clara-tena-esperan-a-leyre\/\" target=\"_self\" title=\"Clara &#038; Tena esperan a Leyre.\"><img decoding=\"async\" width=\"800\" height=\"532\" src=\"https:\/\/victorlax.net\/wp-content\/uploads\/2022\/11\/001-1.jpg\" class=\"attachment-full size-full wp-image-14560\" alt=\"\" srcset=\"https:\/\/victorlax.net\/wp-content\/uploads\/2022\/11\/001-1.jpg 800w, https:\/\/victorlax.net\/wp-content\/uploads\/2022\/11\/001-1-526x350.jpg 526w, https:\/\/victorlax.net\/wp-content\/uploads\/2022\/11\/001-1-120x80.jpg 120w, https:\/\/victorlax.net\/wp-content\/uploads\/2022\/11\/001-1-300x200.jpg 300w, https:\/\/victorlax.net\/wp-content\/uploads\/2022\/11\/001-1-150x100.jpg 150w, https:\/\/victorlax.net\/wp-content\/uploads\/2022\/11\/001-1-768x511.jpg 768w\" sizes=\"(max-width: 800px) 100vw, 800px\" \/><\/a>\n\t\t\t\t\t<\/div>\n\t\t\n\t\t\t\n\t\t\t<div class=\"uael-post__content-wrap\">\n\t\t\t\t\t\t\t<div class=\"uael-post__terms-wrap\"><span class=\"uael-post__terms\"><span class=\"uael-listing__terms-link\">Embarazo<\/span><\/span><\/div>\n\t\t\t\t\t\t<h2 class=\"uael-post__title\">\n\n\t\t\n\t\t\t\t\t\t<a href=\"https:\/\/victorlax.net\/es\/embarazo\/clara-tena-esperan-a-leyre\/\" target=\"_self\">\n\t\t\t\tClara &#038; Tena esperan a Leyre.\t\t\t<\/a>\n\n\t\t\t\t<\/h2>\n\t\t\n\t\t<div class=\"uael-post__excerpt\">\n\t\t\t<p>A Clara la conozco desde que era un ni\u00f1o. Hubo un tiempo en el que sabiamos perfectamente el uno del otro. Ambos salimos de nuestro pueblo natal a estudiar a diferentes ciudades y poco a poco empezamos a coincidir en fechas muy se\u00f1aladas. Clara se traslad\u00f3 a Francia a trabajar &#8230;<\/p>\n\t\t<\/div>\n\n\t\t\t\t\t<div class=\"uael-post__meta-data\">\n\t\t\t\t\t<\/div>\n\t\t\t\t\t<\/div>\n\t\t\t\n\t\t<\/div>\n\t\t\n\t<\/div>\n\n<\/div>\n\t\t\t\t<\/div>\n\t\t\t\t\t\t\n\t\t<\/div>\n\n\t\t\t\t\t\t<\/div>\n\t\t<div class=\"uael-post__footer\">\n\t\t\t\t\t<\/div>\n\t\t\t\t<\/div>\n\t\t\t\t<\/div>\n\t\t\t\t\t<\/div>\n\t\t<\/div>\n\t\t\t\t\t\t\t<\/div>\n\t\t<\/section>\n\t\t\t\t<section class=\"elementor-section elementor-top-section elementor-element elementor-element-bcc120f elementor-section-boxed elementor-section-height-default elementor-section-height-default\" data-id=\"bcc120f\" data-element_type=\"section\">\n\t\t\t\t\t\t<div class=\"elementor-container elementor-column-gap-default\">\n\t\t\t\t\t<div class=\"elementor-column elementor-col-100 elementor-top-column elementor-element elementor-element-de32d79\" data-id=\"de32d79\" data-element_type=\"column\">\n\t\t\t<div class=\"elementor-widget-wrap elementor-element-populated\">\n\t\t\t\t\t\t\t\t<div class=\"elementor-element elementor-element-f08ff73 elementor-widget elementor-widget-text-editor\" data-id=\"f08ff73\" data-element_type=\"widget\" data-widget_type=\"text-editor.default\">\n\t\t\t\t<div class=\"elementor-widget-container\">\n\t\t\t\t\t\t\t<h2><span style=\"font-weight: 400;\">Reportaje de fotos de embarazadas<\/span><\/h2>\n<p><span style=\"font-weight: 400;\">Ser capaz de fotografiar y congelar en el tiempo algo que dura tan solo unos meses y permitir, as\u00ed, que se pueda<\/span><strong> volver al pasado siempre que se quiera<\/strong><span style=\"font-weight: 400;\">, es realmente uno de los placeres como fot\u00f3grafo. Por eso, cuando mi vieja amiga Clara me dijo que estaba embarazada, no tardamos en concertar un d\u00eda para hacer la sesi\u00f3n de fotos m\u00e1s feliz que hab\u00eda hecho en mucho tiempo. Esta<\/span><a href=\"https:\/\/victorlax.net\/es\/embarazo\/clara-tena-esperan-a-leyre\/\"> <span style=\"font-weight: 400;\">sesi\u00f3n fotogr\u00e1fica<\/span><\/a><span style=\"font-weight: 400;\"> sigue siendo una de mis favoritas. Se puede ver <\/span><strong>las ganas, la felicidad y el sentido de familia en cada una de las fotograf\u00edas.<\/strong><\/p>\n<p><span style=\"font-weight: 400;\">Si t\u00fa tambi\u00e9n quieres guardar para siempre en el recuerdo un <\/span><strong>momento tan inolvidable<\/strong><span style=\"font-weight: 400;\"> como tu embarazo, no lo dudes m\u00e1s y ponte en contacto con nosotros, los mejores fot\u00f3grafos de embarazos. Adem\u00e1s, estas fotograf\u00edas son ideales para despu\u00e9s ense\u00f1\u00e1rselas al peque\u00f1o cuando crezca, as\u00ed como ir haciendo diferentes sesiones seg\u00fan vaya creciendo, para <\/span><strong>capturar sus mejores momentos<\/strong><span style=\"font-weight: 400;\">, \u00a1no sabes lo r\u00e1pido que crecen!<\/span><\/p>\t\t\t\t\t\t<\/div>\n\t\t\t\t<\/div>\n\t\t\t\t\t<\/div>\n\t\t<\/div>\n\t\t\t\t\t\t\t<\/div>\n\t\t<\/section>\n\t\t\t\t<section class=\"elementor-section elementor-top-section elementor-element elementor-element-40d27ad elementor-section-full_width elementor-section-height-default elementor-section-height-default\" data-id=\"40d27ad\" data-element_type=\"section\">\n\t\t\t\t\t\t<div class=\"elementor-container elementor-column-gap-default\">\n\t\t\t\t\t<div class=\"elementor-column elementor-col-100 elementor-top-column elementor-element elementor-element-66c4aa5\" data-id=\"66c4aa5\" data-element_type=\"column\">\n\t\t\t<div class=\"elementor-widget-wrap elementor-element-populated\">\n\t\t\t\t\t\t\t\t<div class=\"elementor-element elementor-element-3f36fa3 elementor-widget elementor-widget-shortcode\" data-id=\"3f36fa3\" data-element_type=\"widget\" data-widget_type=\"shortcode.default\">\n\t\t\t\t<div class=\"elementor-widget-container\">\n\t\t\t\t\t<div class=\"elementor-shortcode\">\t\t<div data-elementor-type=\"section\" data-elementor-id=\"27287\" class=\"elementor elementor-27287 elementor-27284\">\n\t\t\t\t\t\t\t\t<section class=\"elementor-section elementor-top-section elementor-element elementor-element-58d1bd43 elementor-section-full_width elementor-section-height-min-height elementor-section-items-stretch elementor-section-content-space-between elementor-section-height-default\" data-id=\"58d1bd43\" data-element_type=\"section\" data-settings=\"{&quot;background_background&quot;:&quot;classic&quot;}\">\n\t\t\t\t\t\t<div class=\"elementor-container elementor-column-gap-default\">\n\t\t\t\t\t<div class=\"elementor-column elementor-col-100 elementor-top-column elementor-element elementor-element-1e32e265\" data-id=\"1e32e265\" data-element_type=\"column\">\n\t\t\t<div class=\"elementor-widget-wrap elementor-element-populated\">\n\t\t\t\t\t\t\t\t<div class=\"elementor-element elementor-element-2ea7b57f elementor-widget elementor-widget-heading\" data-id=\"2ea7b57f\" data-element_type=\"widget\" data-widget_type=\"heading.default\">\n\t\t\t\t<div class=\"elementor-widget-container\">\n\t\t\t<style>\/*! elementor - v3.15.0 - 09-08-2023 *\/\n.elementor-heading-title{padding:0;margin:0;line-height:1}.elementor-widget-heading .elementor-heading-title[class*=elementor-size-]>a{color:inherit;font-size:inherit;line-height:inherit}.elementor-widget-heading .elementor-heading-title.elementor-size-small{font-size:15px}.elementor-widget-heading .elementor-heading-title.elementor-size-medium{font-size:19px}.elementor-widget-heading .elementor-heading-title.elementor-size-large{font-size:29px}.elementor-widget-heading .elementor-heading-title.elementor-size-xl{font-size:39px}.elementor-widget-heading .elementor-heading-title.elementor-size-xxl{font-size:59px}<\/style><h3 class=\"elementor-heading-title elementor-size-default\">Elige donde te quieres casar y ahi estaremos<\/h3>\t\t<\/div>\n\t\t\t\t<\/div>\n\t\t\t\t<div class=\"elementor-element elementor-element-5c43c3ed elementor-align-center elementor-widget elementor-widget-button\" data-id=\"5c43c3ed\" data-element_type=\"widget\" data-widget_type=\"button.default\">\n\t\t\t\t<div class=\"elementor-widget-container\">\n\t\t\t\t\t<div class=\"elementor-button-wrapper\">\n\t\t\t<a class=\"elementor-button elementor-button-link elementor-size-md\" href=\"https:\/\/victorlax.net\/es\/contactar\/\">\n\t\t\t\t\t\t<span class=\"elementor-button-content-wrapper\">\n\t\t\t\t\t\t<span class=\"elementor-button-text\">Contactar<\/span>\n\t\t<\/span>\n\t\t\t\t\t<\/a>\n\t\t<\/div>\n\t\t\t\t<\/div>\n\t\t\t\t<\/div>\n\t\t\t\t\t<\/div>\n\t\t<\/div>\n\t\t\t\t\t\t\t<\/div>\n\t\t<\/section>\n\t\t\t\t\t\t<\/div>\n\t\t<\/div>\n\t\t\t\t<\/div>\n\t\t\t\t<\/div>\n\t\t\t\t\t<\/div>\n\t\t<\/div>\n\t\t\t\t\t\t\t<\/div>\n\t\t<\/section>\n\t\t\t\t\t\t\t<\/div>\n\t\t","protected":false},"excerpt":{"rendered":"<p>Como fot&oacute;grafos expertos, sabemos que cualquier momento es adecuado para hacer una sesi&oacute;n de fotos y dejar inmortalizados algunos de los momentos m&aacute;s importantes de tu vida. Algunos de estos momentos son los embarazos. Recordar estos meses de una manera &uacute;nica y ver las sonrisas que sabemos que aparecer&aacute;n cuando se sienten a mirar las [&hellip;]<\/p>\n","protected":false},"author":1,"featured_media":0,"parent":0,"menu_order":0,"comment_status":"closed","ping_status":"closed","template":"elementor-template.php","meta":{"inline_featured_image":false,"footnotes":"","_links_to":"","_links_to_target":""},"acf":[],"yoast_head":"<!-- This site is optimized with the Yoast SEO plugin v19.10 - https:\/\/yoast.com\/wordpress\/plugins\/seo\/ -->\n<title>Fot\u00f3grafos embarazadas. Reportajes de embarazo originales<\/title>\n<meta name=\"description\" content=\"Contratar sesiones fotogr\u00e1ficas de embarazadas. Recuerdos inolvidables en tu reportaje de embarazo. \u00a1Los mejores fot\u00f3grafos de embarazadas!\" \/>\n<meta name=\"robots\" content=\"index, follow, max-snippet:-1, max-image-preview:large, max-video-preview:-1\" \/>\n<link rel=\"canonical\" href=\"https:\/\/victorlax.net\/es\/fotografos-de-embarazos\/\" \/>\n<meta property=\"og:locale\" content=\"es_ES\" \/>\n<meta property=\"og:type\" content=\"article\" \/>\n<meta property=\"og:title\" content=\"Fot\u00f3grafos embarazadas. Reportajes de embarazo originales\" \/>\n<meta property=\"og:description\" content=\"Contratar sesiones fotogr\u00e1ficas de embarazadas. Recuerdos inolvidables en tu reportaje de embarazo. \u00a1Los mejores fot\u00f3grafos de embarazadas!\" \/>\n<meta property=\"og:url\" content=\"https:\/\/victorlax.net\/es\/fotografos-de-embarazos\/\" \/>\n<meta property=\"og:site_name\" content=\"VictorLax\" \/>\n<meta property=\"article:modified_time\" content=\"2024-05-06T06:51:09+00:00\" \/>\n<meta property=\"og:image\" content=\"https:\/\/victorlax.net\/wp-content\/uploads\/2022\/11\/Lax-2-1.jpg\" \/>\n<meta name=\"twitter:card\" content=\"summary_large_image\" \/>\n<meta name=\"twitter:label1\" content=\"Est. reading time\" \/>\n\t<meta name=\"twitter:data1\" content=\"2 minutes\" \/>\n<!-- \/ Yoast SEO plugin. -->","yoast_head_json":{"title":"Fot\u00f3grafos embarazadas. Reportajes de embarazo originales","description":"Contratar sesiones fotogr\u00e1ficas de embarazadas. Recuerdos inolvidables en tu reportaje de embarazo. \u00a1Los mejores fot\u00f3grafos de embarazadas!","robots":{"index":"index","follow":"follow","max-snippet":"max-snippet:-1","max-image-preview":"max-image-preview:large","max-video-preview":"max-video-preview:-1"},"canonical":"https:\/\/victorlax.net\/es\/fotografos-de-embarazos\/","og_locale":"es_ES","og_type":"article","og_title":"Fot\u00f3grafos embarazadas. Reportajes de embarazo originales","og_description":"Contratar sesiones fotogr\u00e1ficas de embarazadas. Recuerdos inolvidables en tu reportaje de embarazo. \u00a1Los mejores fot\u00f3grafos de embarazadas!","og_url":"https:\/\/victorlax.net\/es\/fotografos-de-embarazos\/","og_site_name":"VictorLax","article_modified_time":"2024-05-06T06:51:09+00:00","og_image":[{"url":"https:\/\/victorlax.net\/wp-content\/uploads\/2022\/11\/Lax-2-1.jpg"}],"twitter_card":"summary_large_image","twitter_misc":{"Est. reading time":"2 minutes"},"schema":{"@context":"https:\/\/schema.org","@graph":[{"@type":"WebPage","@id":"https:\/\/victorlax.net\/es\/fotografos-de-embarazos\/","url":"https:\/\/victorlax.net\/es\/fotografos-de-embarazos\/","name":"Fot\u00f3grafos embarazadas. Reportajes de embarazo originales","isPartOf":{"@id":"https:\/\/victorlax.net\/es\/#website"},"datePublished":"2022-12-09T11:17:26+00:00","dateModified":"2024-05-06T06:51:09+00:00","description":"Contratar sesiones fotogr\u00e1ficas de embarazadas. Recuerdos inolvidables en tu reportaje de embarazo. \u00a1Los mejores fot\u00f3grafos de embarazadas!","breadcrumb":{"@id":"https:\/\/victorlax.net\/es\/fotografos-de-embarazos\/#breadcrumb"},"inLanguage":"es","potentialAction":[{"@type":"ReadAction","target":["https:\/\/victorlax.net\/es\/fotografos-de-embarazos\/"]}]},{"@type":"BreadcrumbList","@id":"https:\/\/victorlax.net\/es\/fotografos-de-embarazos\/#breadcrumb","itemListElement":[{"@type":"ListItem","position":1,"name":"Inicio","item":"https:\/\/victorlax.net\/es\/"},{"@type":"ListItem","position":2,"name":"Fot\u00f3grafos de Embarazos"}]},{"@type":"WebSite","@id":"https:\/\/victorlax.net\/es\/#website","url":"https:\/\/victorlax.net\/es\/","name":"VictorLax","description":"Convertimos tu boda en una obra de arte","potentialAction":[{"@type":"SearchAction","target":{"@type":"EntryPoint","urlTemplate":"https:\/\/victorlax.net\/es\/?s={search_term_string}"},"query-input":"required name=search_term_string"}],"inLanguage":"es"}]}},"_links":{"self":[{"href":"https:\/\/victorlax.net\/es\/wp-json\/wp\/v2\/pages\/24986"}],"collection":[{"href":"https:\/\/victorlax.net\/es\/wp-json\/wp\/v2\/pages"}],"about":[{"href":"https:\/\/victorlax.net\/es\/wp-json\/wp\/v2\/types\/page"}],"author":[{"embeddable":true,"href":"https:\/\/victorlax.net\/es\/wp-json\/wp\/v2\/users\/1"}],"replies":[{"embeddable":true,"href":"https:\/\/victorlax.net\/es\/wp-json\/wp\/v2\/comments?post=24986"}],"version-history":[{"count":6,"href":"https:\/\/victorlax.net\/es\/wp-json\/wp\/v2\/pages\/24986\/revisions"}],"predecessor-version":[{"id":34930,"href":"https:\/\/victorlax.net\/es\/wp-json\/wp\/v2\/pages\/24986\/revisions\/34930"}],"wp:attachment":[{"href":"https:\/\/victorlax.net\/es\/wp-json\/wp\/v2\/media?parent=24986"}],"curies":[{"name":"wp","href":"https:\/\/api.w.org\/{rel}","templated":true}]}}