{"id":25042,"date":"2022-12-09T10:26:46","date_gmt":"2022-12-09T09:26:46","guid":{"rendered":"https:\/\/victorlax.net\/?page_id=25042"},"modified":"2023-11-20T11:33:56","modified_gmt":"2023-11-20T10:33:56","slug":"pais-vasco","status":"publish","type":"page","link":"https:\/\/victorlax.net\/es\/fotografo-de-bodas\/pais-vasco\/","title":{"rendered":"Bodas en el Pa\u00eds Vasco"},"content":{"rendered":"\t\t<div data-elementor-type=\"wp-page\" data-elementor-id=\"25042\" class=\"elementor elementor-25042 elementor-24764\">\n\t\t\t\t\t\t\t\t\t<section class=\"elementor-section elementor-top-section elementor-element elementor-element-3ad64a02 elementor-section-boxed elementor-section-height-default elementor-section-height-default\" data-id=\"3ad64a02\" data-element_type=\"section\">\n\t\t\t\t\t\t<div class=\"elementor-container elementor-column-gap-default\">\n\t\t\t\t\t<div class=\"elementor-column elementor-col-100 elementor-top-column elementor-element elementor-element-31b0337c\" data-id=\"31b0337c\" data-element_type=\"column\">\n\t\t\t<div class=\"elementor-widget-wrap elementor-element-populated\">\n\t\t\t\t\t\t\t\t<div class=\"elementor-element elementor-element-39e7fc9c elementor-widget elementor-widget-heading\" data-id=\"39e7fc9c\" data-element_type=\"widget\" data-widget_type=\"heading.default\">\n\t\t\t\t<div class=\"elementor-widget-container\">\n\t\t\t<style>\/*! elementor - v3.15.0 - 09-08-2023 *\/\n.elementor-heading-title{padding:0;margin:0;line-height:1}.elementor-widget-heading .elementor-heading-title[class*=elementor-size-]>a{color:inherit;font-size:inherit;line-height:inherit}.elementor-widget-heading .elementor-heading-title.elementor-size-small{font-size:15px}.elementor-widget-heading .elementor-heading-title.elementor-size-medium{font-size:19px}.elementor-widget-heading .elementor-heading-title.elementor-size-large{font-size:29px}.elementor-widget-heading .elementor-heading-title.elementor-size-xl{font-size:39px}.elementor-widget-heading .elementor-heading-title.elementor-size-xxl{font-size:59px}<\/style><h1 class=\"elementor-heading-title elementor-size-default\">Bodas en el Pa\u00eds Vasco<\/h1>\t\t<\/div>\n\t\t\t\t<\/div>\n\t\t\t\t\t<\/div>\n\t\t<\/div>\n\t\t\t\t\t\t\t<\/div>\n\t\t<\/section>\n\t\t\t\t<section class=\"elementor-section elementor-top-section elementor-element elementor-element-e660705 elementor-section-boxed elementor-section-height-default elementor-section-height-default\" data-id=\"e660705\" data-element_type=\"section\">\n\t\t\t\t\t\t<div class=\"elementor-container elementor-column-gap-default\">\n\t\t\t\t\t<div class=\"elementor-column elementor-col-100 elementor-top-column elementor-element elementor-element-dfe7fc9\" data-id=\"dfe7fc9\" data-element_type=\"column\">\n\t\t\t<div class=\"elementor-widget-wrap elementor-element-populated\">\n\t\t\t\t\t\t\t\t<div class=\"elementor-element elementor-element-5a24cff elementor-widget elementor-widget-text-editor\" data-id=\"5a24cff\" data-element_type=\"widget\" data-widget_type=\"text-editor.default\">\n\t\t\t\t<div class=\"elementor-widget-container\">\n\t\t\t<style>\/*! elementor - v3.15.0 - 09-08-2023 *\/\n.elementor-widget-text-editor.elementor-drop-cap-view-stacked .elementor-drop-cap{background-color:#69727d;color:#fff}.elementor-widget-text-editor.elementor-drop-cap-view-framed .elementor-drop-cap{color:#69727d;border:3px solid;background-color:transparent}.elementor-widget-text-editor:not(.elementor-drop-cap-view-default) .elementor-drop-cap{margin-top:8px}.elementor-widget-text-editor:not(.elementor-drop-cap-view-default) .elementor-drop-cap-letter{width:1em;height:1em}.elementor-widget-text-editor .elementor-drop-cap{float:left;text-align:center;line-height:1;font-size:50px}.elementor-widget-text-editor .elementor-drop-cap-letter{display:inline-block}<\/style>\t\t\t\t<p><span style=\"font-weight: 400;\">Los destinos de bodas en Espa\u00f1a son tan variados como comunidades y ciudades hay, seas de donde seas, siempre podr\u00e1s encontrar un lugar que se ajuste a tus planes de boda. Tanto si quieres una <\/span><strong>boda r\u00fastica, como una en el mar o una m\u00e1s cosmopolita<\/strong><span style=\"font-weight: 400;\">, tenemos la suerte de tener todas las opciones a nuestra disposici\u00f3n. Uno de estos lugares que te ofrecen todas las opciones posibles se encuentra en el <\/span><strong>norte de Espa\u00f1a<\/strong><span style=\"font-weight: 400;\">, y es que las bodas en el Pa\u00eds Vasco son cada vez m\u00e1s frecuentes, incluso entre parejas que no son de all\u00ed.\u00a0<\/span><\/p><p><span style=\"font-weight: 400;\">Descubre los mejores destinos y ponte en contacto conmigo si necesitas un fot\u00f3grafo de bodas en el Pa\u00eds Vasco, <\/span><strong>os ayudaremos a hacer de vuestro d\u00eda especial, uno incluso m\u00e1s inolvidable.<\/strong><\/p>\t\t\t\t\t\t<\/div>\n\t\t\t\t<\/div>\n\t\t\t\t\t<\/div>\n\t\t<\/div>\n\t\t\t\t\t\t\t<\/div>\n\t\t<\/section>\n\t\t\t\t<section class=\"elementor-section elementor-top-section elementor-element elementor-element-3629eb55 elementor-section-boxed elementor-section-height-default elementor-section-height-default\" data-id=\"3629eb55\" data-element_type=\"section\">\n\t\t\t\t\t\t<div class=\"elementor-container elementor-column-gap-default\">\n\t\t\t\t\t<div class=\"elementor-column elementor-col-100 elementor-top-column elementor-element elementor-element-32846d0\" data-id=\"32846d0\" data-element_type=\"column\">\n\t\t\t<div class=\"elementor-widget-wrap elementor-element-populated\">\n\t\t\t\t\t\t\t\t<div class=\"elementor-element elementor-element-bf79ab8 uael-equal__height-yes uael-posts-thumbnail-ratio apartado_blog elementor-widget elementor-widget-uael-posts\" data-id=\"bf79ab8\" data-element_type=\"widget\" data-settings=\"{&quot;classic_slides_to_show&quot;:3,&quot;classic_slides_to_show_tablet&quot;:2,&quot;classic_slides_to_show_mobile&quot;:1,&quot;classic_pagination_type&quot;:&quot;ajax&quot;}\" data-widget_type=\"uael-posts.classic\">\n\t\t\t\t<div class=\"elementor-widget-container\">\n\t\t\t\t\t<div class=\"uael-post__header\">\n\t\t\t\t\t<\/div>\n\t\t<div class=\"uael-post__body\">\n\t\t\t\n\t\t\n\t\t<div class=\"uael-blog-terms-position-above_content uael-post-image-top uael-post-grid uael-posts\" data-query-type=\"custom\" data-structure=\"normal\" data-layout=\"\" data-page=\"25042\" data-skin=\"classic\" data-filter-default=\"\" data-offset-top=\"30\" >\n\n\t\t\t\t\t\t\t<div class=\"uael-post-grid__inner uael-post__columns-3 uael-post__columns-tablet-2 uael-post__columns-mobile-1\">\n\t\t\t\n<div class=\"uael-post-wrapper   bodas-en-el-pa\u00eds-vasco fot\u00f3grafos-de-bodas \">\n\t<div class=\"uael-post__bg-wrap\">\n\n\t\t\t\t\n\t\t<div class=\"uael-post__inner-wrap\">\n\n\t\t\t\t<div class=\"uael-post__thumbnail\">\n\t\t\t\n\t\t\t<a href=\"https:\/\/victorlax.net\/es\/fotografos-de-bodas\/pais-vasco\/arantza-y-julian-palacio-de-san-joseren-boda-en-getxo\/\" target=\"_self\" title=\"Arantza &#038; Juli\u00e1n | Palacio de San Joseren | Boda en Getxo\"><img decoding=\"async\" width=\"800\" height=\"532\" src=\"https:\/\/victorlax.net\/wp-content\/uploads\/2022\/11\/00-2-1.jpg\" class=\"attachment-full size-full wp-image-15594\" alt=\"\" srcset=\"https:\/\/victorlax.net\/wp-content\/uploads\/2022\/11\/00-2-1.jpg 800w, https:\/\/victorlax.net\/wp-content\/uploads\/2022\/11\/00-2-1-526x350.jpg 526w, https:\/\/victorlax.net\/wp-content\/uploads\/2022\/11\/00-2-1-120x80.jpg 120w, https:\/\/victorlax.net\/wp-content\/uploads\/2022\/11\/00-2-1-300x200.jpg 300w, https:\/\/victorlax.net\/wp-content\/uploads\/2022\/11\/00-2-1-150x100.jpg 150w, https:\/\/victorlax.net\/wp-content\/uploads\/2022\/11\/00-2-1-768x511.jpg 768w\" sizes=\"(max-width: 800px) 100vw, 800px\" \/><\/a>\n\t\t\t\t\t<\/div>\n\t\t\n\t\t\t\n\t\t\t<div class=\"uael-post__content-wrap\">\n\t\t\t\t\t\t\t<div class=\"uael-post__terms-wrap\"><span class=\"uael-post__terms\"><span class=\"uael-listing__terms-link\">Bodas en el Pa\u00eds Vasco<\/span><span class=\"uael-listing__terms-link\">Fot\u00f3grafos de Bodas<\/span><\/span><\/div>\n\t\t\t\t\t\t<h2 class=\"uael-post__title\">\n\n\t\t\n\t\t\t\t\t\t<a href=\"https:\/\/victorlax.net\/es\/fotografos-de-bodas\/pais-vasco\/arantza-y-julian-palacio-de-san-joseren-boda-en-getxo\/\" target=\"_self\">\n\t\t\t\tArantza &#038; Juli\u00e1n | Palacio de San Joseren | Boda en Getxo\t\t\t<\/a>\n\n\t\t\t\t<\/h2>\n\t\t\n\t\t<div class=\"uael-post__excerpt\">\n\t\t\t<p>Me encanta esta temporada de bodas. Sin duda es una de las m\u00e1s intensas de toda mi carrera como fot\u00f3grafo de bodas. A pesar de tener en ocasiones la sensaci\u00f3n que uno vive en la carretera resulta realmente gratificante e inspirador conocer nuevas parejas y lugares realmente encantadores.<\/p>\n\t\t<\/div>\n\n\t\t\t\t\t<div class=\"uael-post__meta-data\">\n\t\t\t\t\t<\/div>\n\t\t\t\t\t<\/div>\n\t\t\t\n\t\t<\/div>\n\t\t\n\t<\/div>\n\n<\/div>\n\n<div class=\"uael-post-wrapper   bodas-en-el-pa\u00eds-vasco fot\u00f3grafos-de-bodas otras-bodas \">\n\t<div class=\"uael-post__bg-wrap\">\n\n\t\t\t\t\n\t\t<div class=\"uael-post__inner-wrap\">\n\n\t\t\t\t<div class=\"uael-post__thumbnail\">\n\t\t\t\n\t\t\t<a href=\"https:\/\/victorlax.net\/es\/fotografos-de-bodas\/pais-vasco\/maria-cesar\/\" target=\"_self\" title=\"Mar\u00eda &#038; C\u00e9sar\"><img decoding=\"async\" width=\"800\" height=\"532\" src=\"https:\/\/victorlax.net\/wp-content\/uploads\/2022\/11\/Iceland-Wedding-1.jpg\" class=\"attachment-full size-full wp-image-15107\" alt=\"\" srcset=\"https:\/\/victorlax.net\/wp-content\/uploads\/2022\/11\/Iceland-Wedding-1.jpg 800w, https:\/\/victorlax.net\/wp-content\/uploads\/2022\/11\/Iceland-Wedding-1-526x350.jpg 526w, https:\/\/victorlax.net\/wp-content\/uploads\/2022\/11\/Iceland-Wedding-1-120x80.jpg 120w, https:\/\/victorlax.net\/wp-content\/uploads\/2022\/11\/Iceland-Wedding-1-300x200.jpg 300w, https:\/\/victorlax.net\/wp-content\/uploads\/2022\/11\/Iceland-Wedding-1-150x100.jpg 150w, https:\/\/victorlax.net\/wp-content\/uploads\/2022\/11\/Iceland-Wedding-1-768x511.jpg 768w\" sizes=\"(max-width: 800px) 100vw, 800px\" \/><\/a>\n\t\t\t\t\t<\/div>\n\t\t\n\t\t\t\n\t\t\t<div class=\"uael-post__content-wrap\">\n\t\t\t\t\t\t\t<div class=\"uael-post__terms-wrap\"><span class=\"uael-post__terms\"><span class=\"uael-listing__terms-link\">Bodas en el Pa\u00eds Vasco<\/span><span class=\"uael-listing__terms-link\">Fot\u00f3grafos de Bodas<\/span><span class=\"uael-listing__terms-link\">Otras bodas<\/span><\/span><\/div>\n\t\t\t\t\t\t<h2 class=\"uael-post__title\">\n\n\t\t\n\t\t\t\t\t\t<a href=\"https:\/\/victorlax.net\/es\/fotografos-de-bodas\/pais-vasco\/maria-cesar\/\" target=\"_self\">\n\t\t\t\tMar\u00eda &#038; C\u00e9sar\t\t\t<\/a>\n\n\t\t\t\t<\/h2>\n\t\t\n\t\t<div class=\"uael-post__excerpt\">\n\t\t\t<p>Mar\u00eda &amp; C\u00e9sar se casaron hace pocas semanas en una acogedora finca muy cercana a Logro\u00f1o. Pero esta historia no comienza aqu\u00ed sino varios a\u00f1os antes, mucho antes quiz\u00e1s que ellos supieran que iban a casarse. Durante a\u00f1os antes hubo un lugar que visitaron en varias ocasiones, sin duda un &#8230;<\/p>\n\t\t<\/div>\n\n\t\t\t\t\t<div class=\"uael-post__meta-data\">\n\t\t\t\t\t<\/div>\n\t\t\t\t\t<\/div>\n\t\t\t\n\t\t<\/div>\n\t\t\n\t<\/div>\n\n<\/div>\n\n<div class=\"uael-post-wrapper   bodas-en-el-pa\u00eds-vasco fot\u00f3grafos-de-bodas sin-categorizar \">\n\t<div class=\"uael-post__bg-wrap\">\n\n\t\t\t\t\n\t\t<div class=\"uael-post__inner-wrap\">\n\n\t\t\t\t<div class=\"uael-post__thumbnail\">\n\t\t\t\n\t\t\t<a href=\"https:\/\/victorlax.net\/es\/fotografos-de-bodas\/pais-vasco\/leire-juan-boda-en-san-sabastian\/\" target=\"_self\" title=\"Leire &#038; Juan.  Boda en San Sebasti\u00e1n\"><img decoding=\"async\" width=\"800\" height=\"532\" src=\"https:\/\/victorlax.net\/wp-content\/uploads\/2022\/11\/003.jpg\" class=\"attachment-full size-full wp-image-14452\" alt=\"\" srcset=\"https:\/\/victorlax.net\/wp-content\/uploads\/2022\/11\/003.jpg 800w, https:\/\/victorlax.net\/wp-content\/uploads\/2022\/11\/003-526x350.jpg 526w, https:\/\/victorlax.net\/wp-content\/uploads\/2022\/11\/003-120x80.jpg 120w, https:\/\/victorlax.net\/wp-content\/uploads\/2022\/11\/003-300x200.jpg 300w, https:\/\/victorlax.net\/wp-content\/uploads\/2022\/11\/003-150x100.jpg 150w, https:\/\/victorlax.net\/wp-content\/uploads\/2022\/11\/003-768x511.jpg 768w\" sizes=\"(max-width: 800px) 100vw, 800px\" \/><\/a>\n\t\t\t\t\t<\/div>\n\t\t\n\t\t\t\n\t\t\t<div class=\"uael-post__content-wrap\">\n\t\t\t\t\t\t\t<div class=\"uael-post__terms-wrap\"><span class=\"uael-post__terms\"><span class=\"uael-listing__terms-link\">Bodas en el Pa\u00eds Vasco<\/span><span class=\"uael-listing__terms-link\">Fot\u00f3grafos de Bodas<\/span><span class=\"uael-listing__terms-link\">Sin categorizar<\/span><\/span><\/div>\n\t\t\t\t\t\t<h2 class=\"uael-post__title\">\n\n\t\t\n\t\t\t\t\t\t<a href=\"https:\/\/victorlax.net\/es\/fotografos-de-bodas\/pais-vasco\/leire-juan-boda-en-san-sabastian\/\" target=\"_self\">\n\t\t\t\tLeire &#038; Juan.  Boda en San Sebasti\u00e1n\t\t\t<\/a>\n\n\t\t\t\t<\/h2>\n\t\t\n\t\t<div class=\"uael-post__excerpt\">\n\t\t\t<p>Quiero compartir con vosotros una de mis \u00faltimas bodas en el Pa\u00eds Vasco, una tierra que cada ocasi\u00f3n que la visito me enamora m\u00e1s. Leire &amp; Juan son una pareja encantadora de San Sebasti\u00e1n que hicieron de su boda uno de los dias m\u00e1s especiales que he vivido como fot\u00f3grafo &#8230;<\/p>\n\t\t<\/div>\n\n\t\t\t\t\t<div class=\"uael-post__meta-data\">\n\t\t\t\t\t<\/div>\n\t\t\t\t\t<\/div>\n\t\t\t\n\t\t<\/div>\n\t\t\n\t<\/div>\n\n<\/div>\n\t\t\t\t<\/div>\n\t\t\t\t\t\t\n\t\t<\/div>\n\n\t\t\t\t\t\t<\/div>\n\t\t<div class=\"uael-post__footer\">\n\t\t\t\t\t<\/div>\n\t\t\t\t<\/div>\n\t\t\t\t<\/div>\n\t\t\t\t\t<\/div>\n\t\t<\/div>\n\t\t\t\t\t\t\t<\/div>\n\t\t<\/section>\n\t\t\t\t<section class=\"elementor-section elementor-top-section elementor-element elementor-element-cf4860f elementor-section-boxed elementor-section-height-default elementor-section-height-default\" data-id=\"cf4860f\" data-element_type=\"section\">\n\t\t\t\t\t\t<div class=\"elementor-container elementor-column-gap-default\">\n\t\t\t\t\t<div class=\"elementor-column elementor-col-100 elementor-top-column elementor-element elementor-element-d1c178d\" data-id=\"d1c178d\" data-element_type=\"column\">\n\t\t\t<div class=\"elementor-widget-wrap elementor-element-populated\">\n\t\t\t\t\t\t\t\t<div class=\"elementor-element elementor-element-daaf6a0 elementor-widget elementor-widget-text-editor\" data-id=\"daaf6a0\" data-element_type=\"widget\" data-widget_type=\"text-editor.default\">\n\t\t\t\t<div class=\"elementor-widget-container\">\n\t\t\t\t\t\t\t<h2><strong>Fot\u00f3grafo de bodas en San Sebasti\u00e1n<\/strong><\/h2><p><span style=\"font-weight: 400;\">Si quieres disfrutar de unas vistas incre\u00edbles al mar, sin tener que soportar el calor aplastante del sur, San Sebasti\u00e1n es la soluci\u00f3n para tu boda. Como fot\u00f3grafos de boda en San Sebasti\u00e1n sabemos que nuestras parejas buscan siempre la mejor calidad, la cual podr\u00e1n encontrar en lugares como el<\/span><strong> Hotel Mar\u00eda Cristina<\/strong><span style=\"font-weight: 400;\">. En este hotel podr\u00e1s celebrar la <\/span><strong>boda de cuento de princesas<\/strong><span style=\"font-weight: 400;\"> que siempre so\u00f1aste, sin perder ning\u00fan detalle. Si buscas algo un poco m\u00e1s r\u00fastico, pero con el mismo encanto, el <\/span><strong>Palacio de Arbaisenea <\/strong><span style=\"font-weight: 400;\">cuenta con unos <\/span><strong>magn\u00edficos jardines<\/strong><span style=\"font-weight: 400;\"> donde podr\u00e1s perderte con gusto.\u00a0<\/span><\/p><h2><span style=\"font-weight: 400;\"><strong>Fot\u00f3grafos de bodas en \u00c1lava<\/strong><\/span><\/h2><p><span style=\"font-weight: 400;\">Cambiando el paisaje marino por uno monta\u00f1oso, encontramos fincas incre\u00edbles en \u00c1lava. Con <\/span><strong>grandes explanadas verdes<\/strong><span style=\"font-weight: 400;\"> y bosques rodeando magn\u00edficos castillos. Lugares como <\/span><strong>Mi Castillo de Arena<\/strong><span style=\"font-weight: 400;\"> o la <\/span><strong>Finca Ziarsolo<\/strong><span style=\"font-weight: 400;\"> te pueden ofrecer una boda de no demasiados invitados, creando un ambiente \u00edntimo del que podr\u00e1s disfrutar con tus cercanos.\u00a0<\/span><\/p>\t\t\t\t\t\t<\/div>\n\t\t\t\t<\/div>\n\t\t\t\t\t<\/div>\n\t\t<\/div>\n\t\t\t\t\t\t\t<\/div>\n\t\t<\/section>\n\t\t\t\t<section class=\"elementor-section elementor-top-section elementor-element elementor-element-0a948e9 elementor-section-full_width elementor-section-height-default elementor-section-height-default\" data-id=\"0a948e9\" data-element_type=\"section\">\n\t\t\t\t\t\t<div class=\"elementor-container elementor-column-gap-default\">\n\t\t\t\t\t<div class=\"elementor-column elementor-col-100 elementor-top-column elementor-element elementor-element-eb01c41\" data-id=\"eb01c41\" data-element_type=\"column\">\n\t\t\t<div class=\"elementor-widget-wrap elementor-element-populated\">\n\t\t\t\t\t\t\t\t<div class=\"elementor-element elementor-element-f18ba42 elementor-widget elementor-widget-shortcode\" data-id=\"f18ba42\" data-element_type=\"widget\" data-widget_type=\"shortcode.default\">\n\t\t\t\t<div class=\"elementor-widget-container\">\n\t\t\t\t\t<div class=\"elementor-shortcode\">\t\t<div data-elementor-type=\"section\" data-elementor-id=\"27287\" class=\"elementor elementor-27287 elementor-27284\">\n\t\t\t\t\t\t\t\t<section class=\"elementor-section elementor-top-section elementor-element elementor-element-58d1bd43 elementor-section-full_width elementor-section-height-min-height elementor-section-items-stretch elementor-section-content-space-between elementor-section-height-default\" data-id=\"58d1bd43\" data-element_type=\"section\" data-settings=\"{&quot;background_background&quot;:&quot;classic&quot;}\">\n\t\t\t\t\t\t<div class=\"elementor-container elementor-column-gap-default\">\n\t\t\t\t\t<div class=\"elementor-column elementor-col-100 elementor-top-column elementor-element elementor-element-1e32e265\" data-id=\"1e32e265\" data-element_type=\"column\">\n\t\t\t<div class=\"elementor-widget-wrap elementor-element-populated\">\n\t\t\t\t\t\t\t\t<div class=\"elementor-element elementor-element-2ea7b57f elementor-widget elementor-widget-heading\" data-id=\"2ea7b57f\" data-element_type=\"widget\" data-widget_type=\"heading.default\">\n\t\t\t\t<div class=\"elementor-widget-container\">\n\t\t\t<h3 class=\"elementor-heading-title elementor-size-default\">Elige donde te quieres casar y ahi estaremos<\/h3>\t\t<\/div>\n\t\t\t\t<\/div>\n\t\t\t\t<div class=\"elementor-element elementor-element-5c43c3ed elementor-align-center elementor-widget elementor-widget-button\" data-id=\"5c43c3ed\" data-element_type=\"widget\" data-widget_type=\"button.default\">\n\t\t\t\t<div class=\"elementor-widget-container\">\n\t\t\t\t\t<div class=\"elementor-button-wrapper\">\n\t\t\t<a class=\"elementor-button elementor-button-link elementor-size-md\" href=\"https:\/\/victorlax.net\/es\/contactar\/\">\n\t\t\t\t\t\t<span class=\"elementor-button-content-wrapper\">\n\t\t\t\t\t\t<span class=\"elementor-button-text\">Contactar<\/span>\n\t\t<\/span>\n\t\t\t\t\t<\/a>\n\t\t<\/div>\n\t\t\t\t<\/div>\n\t\t\t\t<\/div>\n\t\t\t\t\t<\/div>\n\t\t<\/div>\n\t\t\t\t\t\t\t<\/div>\n\t\t<\/section>\n\t\t\t\t\t\t<\/div>\n\t\t<\/div>\n\t\t\t\t<\/div>\n\t\t\t\t<\/div>\n\t\t\t\t\t<\/div>\n\t\t<\/div>\n\t\t\t\t\t\t\t<\/div>\n\t\t<\/section>\n\t\t\t\t<section class=\"elementor-section elementor-top-section elementor-element elementor-element-85e191a elementor-section-boxed elementor-section-height-default elementor-section-height-default\" data-id=\"85e191a\" data-element_type=\"section\">\n\t\t\t\t\t\t<div class=\"elementor-container elementor-column-gap-default\">\n\t\t\t\t\t<div class=\"elementor-column elementor-col-100 elementor-top-column elementor-element elementor-element-05c51cd\" data-id=\"05c51cd\" data-element_type=\"column\">\n\t\t\t<div class=\"elementor-widget-wrap elementor-element-populated\">\n\t\t\t\t\t\t\t\t<div class=\"elementor-element elementor-element-460db41 elementor-widget elementor-widget-text-editor\" data-id=\"460db41\" data-element_type=\"widget\" data-widget_type=\"text-editor.default\">\n\t\t\t\t<div class=\"elementor-widget-container\">\n\t\t\t\t\t\t\t<h2><strong>Mejor fot\u00f3grafo de bodas en Vizcaya<\/strong><\/h2><p><span style=\"font-weight: 400;\">En esta ciudad podr\u00e1s encontrar fincas de un <\/span><strong>estilo mucho m\u00e1s r\u00fastico,<\/strong><span style=\"font-weight: 400;\"> sin dejar de disfrutar de un paisaje muy verde que, como fot\u00f3grafos de bodas en Vizcaya, podemos asegurar que ayuda a crear unas fotograf\u00edas incre\u00edbles. Desde los <\/span><strong>palacios <\/strong><span style=\"font-weight: 400;\">m\u00e1s impresionantes, hasta las <\/span><strong>casas rurales<\/strong><span style=\"font-weight: 400;\"> con m\u00e1s encanto, Vizcaya es un destino de boda que no te decepcionar\u00e1.<\/span><\/p><h2><strong>Mejor reportaje de bodas en Bilbao<\/strong><\/h2><p><span style=\"font-weight: 400;\">Por supuesto, no pod\u00eda faltar Bilbao como destino estrella de bodas en el Pa\u00eds Vasco. Si buscas un fot\u00f3grafo de bodas en Bilbao, no dudes en ponerte en contacto conmigo, y estar\u00e9 m\u00e1s que <\/span><strong>encantado de acompa\u00f1aros en esta aventura<\/strong><span style=\"font-weight: 400;\">. Bilbao cuenta con los <\/span><strong>hoteles m\u00e1s exclusivos,<\/strong><span style=\"font-weight: 400;\"> y las <\/span><strong>bodegas <\/strong><span style=\"font-weight: 400;\">de mayor calidad, con estilos muy diferentes para ajustarse al tipo de boda que est\u00e9s buscando.<\/span><\/p><p><strong>C\u00e1sate en el norte de Espa\u00f1a,<\/strong><span style=\"font-weight: 400;\"> y guarda tus recuerdos con los mejores fot\u00f3grafos de bodas en el Pa\u00eds Vasco.<\/span><\/p>\t\t\t\t\t\t<\/div>\n\t\t\t\t<\/div>\n\t\t\t\t\t<\/div>\n\t\t<\/div>\n\t\t\t\t\t\t\t<\/div>\n\t\t<\/section>\n\t\t\t\t<section class=\"elementor-section elementor-top-section elementor-element elementor-element-331b167 elementor-section-boxed elementor-section-height-default elementor-section-height-default\" data-id=\"331b167\" data-element_type=\"section\">\n\t\t\t\t\t\t<div class=\"elementor-container elementor-column-gap-default\">\n\t\t\t\t\t<div class=\"elementor-column elementor-col-100 elementor-top-column elementor-element elementor-element-57cd3de\" data-id=\"57cd3de\" data-element_type=\"column\">\n\t\t\t<div class=\"elementor-widget-wrap elementor-element-populated\">\n\t\t\t\t\t\t\t\t<div class=\"elementor-element elementor-element-60e10a0 elementor-widget elementor-widget-shortcode\" data-id=\"60e10a0\" data-element_type=\"widget\" data-widget_type=\"shortcode.default\">\n\t\t\t\t<div class=\"elementor-widget-container\">\n\t\t\t\t\t<div class=\"elementor-shortcode\">\t\t<div data-elementor-type=\"section\" data-elementor-id=\"28007\" class=\"elementor elementor-28007\">\n\t\t\t\t\t\t\t\t<section class=\"elementor-section elementor-top-section elementor-element elementor-element-24da6930 elementor-section-boxed elementor-section-height-default elementor-section-height-default\" data-id=\"24da6930\" data-element_type=\"section\">\n\t\t\t\t\t\t<div class=\"elementor-container elementor-column-gap-default\">\n\t\t\t\t\t<div class=\"elementor-column elementor-col-100 elementor-top-column elementor-element elementor-element-173374dc\" data-id=\"173374dc\" data-element_type=\"column\">\n\t\t\t<div class=\"elementor-widget-wrap elementor-element-populated\">\n\t\t\t\t\t\t\t\t<div class=\"elementor-element elementor-element-626c622d elementor-widget elementor-widget-heading\" data-id=\"626c622d\" data-element_type=\"widget\" data-widget_type=\"heading.default\">\n\t\t\t\t<div class=\"elementor-widget-container\">\n\t\t\t<h3 class=\"elementor-heading-title elementor-size-default\">Como se ve el amor en todo el mundo<\/h3>\t\t<\/div>\n\t\t\t\t<\/div>\n\t\t\t\t<div class=\"elementor-element elementor-element-5d8ba3f1 elementor-widget elementor-widget-text-editor\" data-id=\"5d8ba3f1\" data-element_type=\"widget\" data-widget_type=\"text-editor.default\">\n\t\t\t\t<div class=\"elementor-widget-container\">\n\t\t\t\t\t\t\t<p>Nuestras \u00faltimas bodas<\/p>\t\t\t\t\t\t<\/div>\n\t\t\t\t<\/div>\n\t\t\t\t\t<\/div>\n\t\t<\/div>\n\t\t\t\t\t\t\t<\/div>\n\t\t<\/section>\n\t\t\t\t\t\t<\/div>\n\t\t<\/div>\n\t\t\t\t<\/div>\n\t\t\t\t<\/div>\n\t\t\t\t\t<\/div>\n\t\t<\/div>\n\t\t\t\t\t\t\t<\/div>\n\t\t<\/section>\n\t\t\t\t<section class=\"elementor-section elementor-top-section elementor-element elementor-element-f52f974 elementor-section-full_width elementor-section-height-default elementor-section-height-default\" data-id=\"f52f974\" data-element_type=\"section\">\n\t\t\t\t\t\t<div class=\"elementor-container elementor-column-gap-default\">\n\t\t\t\t\t<div class=\"elementor-column elementor-col-100 elementor-top-column elementor-element elementor-element-96aac0a\" data-id=\"96aac0a\" data-element_type=\"column\">\n\t\t\t<div class=\"elementor-widget-wrap elementor-element-populated\">\n\t\t\t\t\t\t\t\t<div class=\"elementor-element elementor-element-26bf7c8 elementor-widget elementor-widget-shortcode\" data-id=\"26bf7c8\" data-element_type=\"widget\" data-widget_type=\"shortcode.default\">\n\t\t\t\t<div class=\"elementor-widget-container\">\n\t\t\t\t\t<div class=\"elementor-shortcode\">\t\t<div data-elementor-type=\"section\" data-elementor-id=\"28010\" class=\"elementor elementor-28010\">\n\t\t\t\t\t\t\t\t<section class=\"elementor-section elementor-top-section elementor-element elementor-element-17c023be elementor-section-full_width section_carousel-home elementor-section-height-default elementor-section-height-default\" data-id=\"17c023be\" data-element_type=\"section\">\n\t\t\t\t\t\t<div class=\"elementor-container elementor-column-gap-no\">\n\t\t\t\t\t<div class=\"elementor-column elementor-col-100 elementor-top-column elementor-element elementor-element-1b3b59d6\" data-id=\"1b3b59d6\" data-element_type=\"column\">\n\t\t\t<div class=\"elementor-widget-wrap elementor-element-populated\">\n\t\t\t\t\t\t\t\t<div class=\"elementor-element elementor-element-1cd06b60 elementor-arrows-position-outside elementor-pagination-position-outside elementor-widget elementor-widget-image-carousel\" data-id=\"1cd06b60\" data-element_type=\"widget\" data-settings=\"{&quot;lazyload&quot;:&quot;yes&quot;,&quot;slides_to_show&quot;:&quot;4&quot;,&quot;slides_to_scroll&quot;:&quot;1&quot;,&quot;navigation&quot;:&quot;both&quot;,&quot;autoplay&quot;:&quot;yes&quot;,&quot;pause_on_hover&quot;:&quot;yes&quot;,&quot;pause_on_interaction&quot;:&quot;yes&quot;,&quot;autoplay_speed&quot;:5000,&quot;infinite&quot;:&quot;yes&quot;,&quot;speed&quot;:500,&quot;image_spacing_custom&quot;:{&quot;unit&quot;:&quot;px&quot;,&quot;size&quot;:20,&quot;sizes&quot;:[]},&quot;image_spacing_custom_tablet&quot;:{&quot;unit&quot;:&quot;px&quot;,&quot;size&quot;:&quot;&quot;,&quot;sizes&quot;:[]},&quot;image_spacing_custom_mobile&quot;:{&quot;unit&quot;:&quot;px&quot;,&quot;size&quot;:&quot;&quot;,&quot;sizes&quot;:[]}}\" data-widget_type=\"image-carousel.default\">\n\t\t\t\t<div class=\"elementor-widget-container\">\n\t\t\t<style>\/*! elementor - v3.15.0 - 09-08-2023 *\/\n.elementor-widget-image-carousel .swiper,.elementor-widget-image-carousel .swiper-container{position:static}.elementor-widget-image-carousel .swiper-container .swiper-slide figure,.elementor-widget-image-carousel .swiper .swiper-slide figure{line-height:inherit}.elementor-widget-image-carousel .swiper-slide{text-align:center}.elementor-image-carousel-wrapper:not(.swiper-container-initialized):not(.swiper-initialized) .swiper-slide{max-width:calc(100% \/ var(--e-image-carousel-slides-to-show, 3))}<\/style>\t\t<div class=\"elementor-image-carousel-wrapper swiper-container\" dir=\"ltr\">\n\t\t\t<div class=\"elementor-image-carousel swiper-wrapper\" aria-live=\"off\">\n\t\t\t\t\t\t\t\t<div class=\"swiper-slide\" role=\"group\" aria-roledescription=\"slide\" aria-label=\"1 of 10\"><a title=\"MALLORCA\" href=\"https:\/\/victorlax.net\/es\/fotografo-de-bodas\/mallorca\/\" ><figure class=\"swiper-slide-inner\"><img class=\"swiper-slide-image swiper-lazy\" data-src=\"https:\/\/victorlax.net\/wp-content\/uploads\/2023\/01\/inicio_mallorca.jpg\" alt=\"MALLORCA\" \/><div class=\"swiper-lazy-preloader\"><\/div><figcaption class=\"elementor-image-carousel-caption\">MALLORCA<\/figcaption><\/figure><\/a><\/div><div class=\"swiper-slide\" role=\"group\" aria-roledescription=\"slide\" aria-label=\"2 of 10\"><a title=\"INDIA\" href=\"https:\/\/victorlax.net\/es\/fotografo-de-bodas\/india\/\" ><figure class=\"swiper-slide-inner\"><img class=\"swiper-slide-image swiper-lazy\" data-src=\"https:\/\/victorlax.net\/wp-content\/uploads\/2023\/02\/inicio_india.jpg\" alt=\"INDIA\" \/><div class=\"swiper-lazy-preloader\"><\/div><figcaption class=\"elementor-image-carousel-caption\">INDIA<\/figcaption><\/figure><\/a><\/div><div class=\"swiper-slide\" role=\"group\" aria-roledescription=\"slide\" aria-label=\"3 of 10\"><a title=\"SUR DE FRANCIA\" href=\"https:\/\/victorlax.net\/es\/fotografo-de-bodas\/sur-francia\/\" ><figure class=\"swiper-slide-inner\"><img class=\"swiper-slide-image swiper-lazy\" data-src=\"https:\/\/victorlax.net\/wp-content\/uploads\/2023\/01\/inicio_south-france.jpg\" alt=\"SUR DE FRANCIA\" \/><div class=\"swiper-lazy-preloader\"><\/div><figcaption class=\"elementor-image-carousel-caption\">SUR DE FRANCIA<\/figcaption><\/figure><\/a><\/div><div class=\"swiper-slide\" role=\"group\" aria-roledescription=\"slide\" aria-label=\"4 of 10\"><a title=\"BARCELONA\" href=\"https:\/\/victorlax.net\/es\/fotografo-de-bodas\/barcelona\/\" ><figure class=\"swiper-slide-inner\"><img class=\"swiper-slide-image swiper-lazy\" data-src=\"https:\/\/victorlax.net\/wp-content\/uploads\/2023\/01\/inicio_barcelona.jpg\" alt=\"BARCELONA\" \/><div class=\"swiper-lazy-preloader\"><\/div><figcaption class=\"elementor-image-carousel-caption\">BARCELONA<\/figcaption><\/figure><\/a><\/div><div class=\"swiper-slide\" role=\"group\" aria-roledescription=\"slide\" aria-label=\"5 of 10\"><a title=\"TOSCANA\" href=\"https:\/\/victorlax.net\/es\/fotografo-de-bodas\/toscana\/\" ><figure class=\"swiper-slide-inner\"><img class=\"swiper-slide-image swiper-lazy\" data-src=\"https:\/\/victorlax.net\/wp-content\/uploads\/2023\/01\/inicio_tuscany.jpg\" alt=\"TOSCANA\" \/><div class=\"swiper-lazy-preloader\"><\/div><figcaption class=\"elementor-image-carousel-caption\">TOSCANA<\/figcaption><\/figure><\/a><\/div><div class=\"swiper-slide\" role=\"group\" aria-roledescription=\"slide\" aria-label=\"6 of 10\"><a title=\"IBIZA\" href=\"https:\/\/victorlax.net\/es\/fotografo-de-bodas\/ibiza\/\" ><figure class=\"swiper-slide-inner\"><img class=\"swiper-slide-image swiper-lazy\" data-src=\"https:\/\/victorlax.net\/wp-content\/uploads\/2023\/01\/inicio_ibiza.jpg\" alt=\"IBIZA\" \/><div class=\"swiper-lazy-preloader\"><\/div><figcaption class=\"elementor-image-carousel-caption\">IBIZA<\/figcaption><\/figure><\/a><\/div><div class=\"swiper-slide\" role=\"group\" aria-roledescription=\"slide\" aria-label=\"7 of 10\"><a title=\"COSTA BRAVA\" href=\"https:\/\/victorlax.net\/es\/fotografo-de-bodas\/costa-brava\/\" ><figure class=\"swiper-slide-inner\"><img class=\"swiper-slide-image swiper-lazy\" data-src=\"https:\/\/victorlax.net\/wp-content\/uploads\/2023\/01\/inicio_costa-brava.jpg\" alt=\"COSTA BRAVA\" \/><div class=\"swiper-lazy-preloader\"><\/div><figcaption class=\"elementor-image-carousel-caption\">COSTA BRAVA<\/figcaption><\/figure><\/a><\/div><div class=\"swiper-slide\" role=\"group\" aria-roledescription=\"slide\" aria-label=\"8 of 10\"><a title=\"PUGLIA\" href=\"https:\/\/victorlax.net\/es\/fotografo-de-bodas\/puglia\/\" ><figure class=\"swiper-slide-inner\"><img class=\"swiper-slide-image swiper-lazy\" data-src=\"https:\/\/victorlax.net\/wp-content\/uploads\/2023\/01\/inicio_puglia.jpg\" alt=\"PUGLIA\" \/><div class=\"swiper-lazy-preloader\"><\/div><figcaption class=\"elementor-image-carousel-caption\">PUGLIA<\/figcaption><\/figure><\/a><\/div><div class=\"swiper-slide\" role=\"group\" aria-roledescription=\"slide\" aria-label=\"9 of 10\"><a title=\"MARBELLA\" href=\"https:\/\/victorlax.net\/es\/fotografo-de-bodas\/marbella\/\" ><figure class=\"swiper-slide-inner\"><img class=\"swiper-slide-image swiper-lazy\" data-src=\"https:\/\/victorlax.net\/wp-content\/uploads\/2023\/01\/inicio_marbella.jpg\" alt=\"MARBELLA\" \/><div class=\"swiper-lazy-preloader\"><\/div><figcaption class=\"elementor-image-carousel-caption\">MARBELLA<\/figcaption><\/figure><\/a><\/div><div class=\"swiper-slide\" role=\"group\" aria-roledescription=\"slide\" aria-label=\"10 of 10\"><a title=\"MISMO SEXO\" href=\"https:\/\/victorlax.net\/es\/fotografo-de-bodas\/gay\/\" ><figure class=\"swiper-slide-inner\"><img class=\"swiper-slide-image swiper-lazy\" data-src=\"https:\/\/victorlax.net\/wp-content\/uploads\/2023\/01\/inicio_same-sex.jpg\" alt=\"MISMO SEXO\" \/><div class=\"swiper-lazy-preloader\"><\/div><figcaption class=\"elementor-image-carousel-caption\">MISMO SEXO<\/figcaption><\/figure><\/a><\/div>\t\t\t<\/div>\n\t\t\t\t\t\t\t\t\t\t\t\t<div class=\"elementor-swiper-button elementor-swiper-button-prev\" role=\"button\" tabindex=\"0\">\n\t\t\t\t\t\t<i aria-hidden=\"true\" class=\"eicon-chevron-left\"><\/i>\t\t\t\t\t<\/div>\n\t\t\t\t\t<div class=\"elementor-swiper-button elementor-swiper-button-next\" role=\"button\" tabindex=\"0\">\n\t\t\t\t\t\t<i aria-hidden=\"true\" class=\"eicon-chevron-right\"><\/i>\t\t\t\t\t<\/div>\n\t\t\t\t\n\t\t\t\t\t\t\t\t\t<div class=\"swiper-pagination\"><\/div>\n\t\t\t\t\t\t\t\t\t<\/div>\n\t\t\t\t<\/div>\n\t\t\t\t<\/div>\n\t\t\t\t\t<\/div>\n\t\t<\/div>\n\t\t\t\t\t\t\t<\/div>\n\t\t<\/section>\n\t\t\t\t\t\t<\/div>\n\t\t<\/div>\n\t\t\t\t<\/div>\n\t\t\t\t<\/div>\n\t\t\t\t\t<\/div>\n\t\t<\/div>\n\t\t\t\t\t\t\t<\/div>\n\t\t<\/section>\n\t\t\t\t<section class=\"elementor-section elementor-top-section elementor-element elementor-element-3599f38 elementor-section-boxed elementor-section-height-default elementor-section-height-default\" data-id=\"3599f38\" data-element_type=\"section\">\n\t\t\t\t\t\t<div class=\"elementor-container elementor-column-gap-default\">\n\t\t\t\t\t<div class=\"elementor-column elementor-col-100 elementor-top-column elementor-element elementor-element-c118680\" data-id=\"c118680\" data-element_type=\"column\">\n\t\t\t<div class=\"elementor-widget-wrap elementor-element-populated\">\n\t\t\t\t\t\t\t\t<div class=\"elementor-element elementor-element-eb167f2 elementor-widget elementor-widget-html\" data-id=\"eb167f2\" data-element_type=\"widget\" data-widget_type=\"html.default\">\n\t\t\t\t<div class=\"elementor-widget-container\">\n\t\t\t<script type=\"application\/ld+json\">{\"@context\":\"https:\/\/schema.org\",\"@type\":\"FAQPage\",\"mainEntity\":[{\"@type\":\"Question\",\"name\":\"\u00bfD\u00f3nde casarse en el Pa\u00eds Vasco?\",\"acceptedAnswer\":{\"@type\":\"Answer\",\"text\":\"San Sebasti\u00e1n\\n\u00c1lava\\nVizcaya\\nBilbao\"}},{\"@type\":\"Question\",\"name\":\"\u00bfD\u00f3nde casarse en San Sebasti\u00e1n?\",\"acceptedAnswer\":{\"@type\":\"Answer\",\"text\":\"Hotel Mar\u00eda Cristina\\nPalacio de Arbaisenea\"}},{\"@type\":\"Question\",\"name\":\"\u00bfD\u00f3nde casarse en \u00c1lava?\",\"acceptedAnswer\":{\"@type\":\"Answer\",\"text\":\"Mi Castillo de Arena\\n Finca Ziarsolo\"}}]}<\/script>\n\t\t<\/div>\n\t\t\t\t<\/div>\n\t\t\t\t\t<\/div>\n\t\t<\/div>\n\t\t\t\t\t\t\t<\/div>\n\t\t<\/section>\n\t\t\t\t\t\t\t<\/div>\n\t\t","protected":false},"excerpt":{"rendered":"<p>Bodas en el Pa\u00eds Vasco Los destinos de bodas en Espa\u00f1a son tan variados como comunidades y ciudades hay, seas de donde seas, siempre podr\u00e1s encontrar un lugar que se ajuste a tus planes de boda. Tanto si quieres una boda r\u00fastica, como una en el mar o una m\u00e1s cosmopolita, tenemos la suerte de [&hellip;]<\/p>\n","protected":false},"author":1,"featured_media":0,"parent":24379,"menu_order":0,"comment_status":"closed","ping_status":"closed","template":"elementor-template.php","meta":{"inline_featured_image":false,"footnotes":"","_links_to":"","_links_to_target":""},"acf":[],"yoast_head":"<!-- This site is optimized with the Yoast SEO plugin v19.10 - https:\/\/yoast.com\/wordpress\/plugins\/seo\/ -->\n<title>Fot\u00f3grafos bodas Pa\u00eds Vasco: \u00c1lava, Guip\u00fazcoa y Vizcaya<\/title>\n<meta name=\"description\" content=\"Los mejores fot\u00f3grafos de bodas del Pa\u00eds Vasco. Reconocidos fot\u00f3grafos en Vitoria, San Sebasti\u00e1n y Bilbao por la alt\u00edsima calidad de nuestras fotos\" \/>\n<meta name=\"robots\" content=\"index, follow, max-snippet:-1, max-image-preview:large, max-video-preview:-1\" \/>\n<link rel=\"canonical\" href=\"https:\/\/victorlax.net\/es\/fotografo-de-bodas\/pais-vasco\/\" \/>\n<meta property=\"og:locale\" content=\"es_ES\" \/>\n<meta property=\"og:type\" content=\"article\" \/>\n<meta property=\"og:title\" content=\"Fot\u00f3grafos bodas Pa\u00eds Vasco: \u00c1lava, Guip\u00fazcoa y Vizcaya\" \/>\n<meta property=\"og:description\" content=\"Los mejores fot\u00f3grafos de bodas del Pa\u00eds Vasco. Reconocidos fot\u00f3grafos en Vitoria, San Sebasti\u00e1n y Bilbao por la alt\u00edsima calidad de nuestras fotos\" \/>\n<meta property=\"og:url\" content=\"https:\/\/victorlax.net\/es\/fotografo-de-bodas\/pais-vasco\/\" \/>\n<meta property=\"og:site_name\" content=\"VictorLax\" \/>\n<meta property=\"article:modified_time\" content=\"2023-11-20T10:33:56+00:00\" \/>\n<meta property=\"og:image\" content=\"https:\/\/victorlax.net\/wp-content\/uploads\/2022\/11\/00-2-1.jpg\" \/>\n<meta name=\"twitter:card\" content=\"summary_large_image\" \/>\n<meta name=\"twitter:label1\" content=\"Est. reading time\" \/>\n\t<meta name=\"twitter:data1\" content=\"9 minutes\" \/>\n<!-- \/ Yoast SEO plugin. -->","yoast_head_json":{"title":"Fot\u00f3grafos bodas Pa\u00eds Vasco: \u00c1lava, Guip\u00fazcoa y Vizcaya","description":"Los mejores fot\u00f3grafos de bodas del Pa\u00eds Vasco. Reconocidos fot\u00f3grafos en Vitoria, San Sebasti\u00e1n y Bilbao por la alt\u00edsima calidad de nuestras fotos","robots":{"index":"index","follow":"follow","max-snippet":"max-snippet:-1","max-image-preview":"max-image-preview:large","max-video-preview":"max-video-preview:-1"},"canonical":"https:\/\/victorlax.net\/es\/fotografo-de-bodas\/pais-vasco\/","og_locale":"es_ES","og_type":"article","og_title":"Fot\u00f3grafos bodas Pa\u00eds Vasco: \u00c1lava, Guip\u00fazcoa y Vizcaya","og_description":"Los mejores fot\u00f3grafos de bodas del Pa\u00eds Vasco. Reconocidos fot\u00f3grafos en Vitoria, San Sebasti\u00e1n y Bilbao por la alt\u00edsima calidad de nuestras fotos","og_url":"https:\/\/victorlax.net\/es\/fotografo-de-bodas\/pais-vasco\/","og_site_name":"VictorLax","article_modified_time":"2023-11-20T10:33:56+00:00","og_image":[{"url":"https:\/\/victorlax.net\/wp-content\/uploads\/2022\/11\/00-2-1.jpg"}],"twitter_card":"summary_large_image","twitter_misc":{"Est. reading time":"9 minutes"},"schema":{"@context":"https:\/\/schema.org","@graph":[{"@type":"WebPage","@id":"https:\/\/victorlax.net\/es\/fotografo-de-bodas\/pais-vasco\/","url":"https:\/\/victorlax.net\/es\/fotografo-de-bodas\/pais-vasco\/","name":"Fot\u00f3grafos bodas Pa\u00eds Vasco: \u00c1lava, Guip\u00fazcoa y Vizcaya","isPartOf":{"@id":"https:\/\/victorlax.net\/es\/#website"},"datePublished":"2022-12-09T09:26:46+00:00","dateModified":"2023-11-20T10:33:56+00:00","description":"Los mejores fot\u00f3grafos de bodas del Pa\u00eds Vasco. Reconocidos fot\u00f3grafos en Vitoria, San Sebasti\u00e1n y Bilbao por la alt\u00edsima calidad de nuestras fotos","breadcrumb":{"@id":"https:\/\/victorlax.net\/es\/fotografo-de-bodas\/pais-vasco\/#breadcrumb"},"inLanguage":"es","potentialAction":[{"@type":"ReadAction","target":["https:\/\/victorlax.net\/es\/fotografo-de-bodas\/pais-vasco\/"]}]},{"@type":"BreadcrumbList","@id":"https:\/\/victorlax.net\/es\/fotografo-de-bodas\/pais-vasco\/#breadcrumb","itemListElement":[{"@type":"ListItem","position":1,"name":"Inicio","item":"https:\/\/victorlax.net\/es\/"},{"@type":"ListItem","position":2,"name":"Fot\u00f3grafo de Bodas","item":"https:\/\/victorlax.net\/es\/fotografo-de-bodas\/"},{"@type":"ListItem","position":3,"name":"Bodas en el Pa\u00eds Vasco"}]},{"@type":"WebSite","@id":"https:\/\/victorlax.net\/es\/#website","url":"https:\/\/victorlax.net\/es\/","name":"VictorLax","description":"Convertimos tu boda en una obra de arte","potentialAction":[{"@type":"SearchAction","target":{"@type":"EntryPoint","urlTemplate":"https:\/\/victorlax.net\/es\/?s={search_term_string}"},"query-input":"required name=search_term_string"}],"inLanguage":"es"}]}},"_links":{"self":[{"href":"https:\/\/victorlax.net\/es\/wp-json\/wp\/v2\/pages\/25042"}],"collection":[{"href":"https:\/\/victorlax.net\/es\/wp-json\/wp\/v2\/pages"}],"about":[{"href":"https:\/\/victorlax.net\/es\/wp-json\/wp\/v2\/types\/page"}],"author":[{"embeddable":true,"href":"https:\/\/victorlax.net\/es\/wp-json\/wp\/v2\/users\/1"}],"replies":[{"embeddable":true,"href":"https:\/\/victorlax.net\/es\/wp-json\/wp\/v2\/comments?post=25042"}],"version-history":[{"count":3,"href":"https:\/\/victorlax.net\/es\/wp-json\/wp\/v2\/pages\/25042\/revisions"}],"predecessor-version":[{"id":34781,"href":"https:\/\/victorlax.net\/es\/wp-json\/wp\/v2\/pages\/25042\/revisions\/34781"}],"up":[{"embeddable":true,"href":"https:\/\/victorlax.net\/es\/wp-json\/wp\/v2\/pages\/24379"}],"wp:attachment":[{"href":"https:\/\/victorlax.net\/es\/wp-json\/wp\/v2\/media?parent=25042"}],"curies":[{"name":"wp","href":"https:\/\/api.w.org\/{rel}","templated":true}]}}